{"id":10495,"date":"2023-08-10T11:56:14","date_gmt":"2023-08-10T11:56:14","guid":{"rendered":"http:\/\/www.ahnenforschung-jackmuth.de\/?page_id=10495"},"modified":"2024-02-10T10:17:46","modified_gmt":"2024-02-10T10:17:46","slug":"ofb-schweighausen-lehr","status":"publish","type":"page","link":"https:\/\/www.ahnenforschung-jackmuth.de\/?page_id=10495","title":{"rendered":"OFB Schweighausen &#8211; Lehr"},"content":{"rendered":"<p style=\"text-align: justify;\"><span style=\"font-family: times new roman, times, serif; font-size: 10pt;\"><span style=\"color: #ff0000;\"><strong><u>Lehr<\/u><\/strong><strong>, Johann Jakob: <\/strong><\/span>05.03.1762 \u2013 1768 Pfarrer in Schweighausen und Becheln; * 10.08.1732 Finsternthal (Weilrod, Hochtaunuskreis); gt. 17.10.1732, Paten: <em>Johann Jacob M\u00fcller, Johann Nickel Oswald, alle beyde von Westerfeld, und dann Anna Maria G\u00fcntherin, Johannes G\u00fcnthers Tochter von Finsternthal <\/em>(Altweilnau, Taufregister 1727-1768, Nr. 68, Bild 17-18 auf archion.de); + 07.10.1768 Schweighausen, 36 Jahre alt, Eintragstext von seiner Frau: <em>1768, 7 [Octo]br[is] starb Johann Jacob Lehr, Prediger an den beyden Gemeinden Schweighausen und Bechlen. Gott verleye seinem C\u00f6rper sanfte Ruh in dem Schos der Erden und seine Seele erquicke er in seinem Reich. Mein Wunsch als seine treue Ehgatin ist: \u201eMein Gott, ich bit durch Christi Blut, mach es mit meinem Ende gut. Herr, ich warte auf dein Heyl.\u201c Text welchen mein seeliger Mann selbst erwehlt, steht 1 Timothium am IX Vers, 15-17; alt 36 Jahr. <\/em>\u2014 Eltern: Johann Philipp Lehr (Sohn des Georg Philipp Lehr, Schulthei\u00df zu Finsternthal) oo 12.06.1731 Altweilnau mit Anna Katharina geb. Oswald (Tochter des Nikolaus Oswald aus Westerfeld (Neu-Anspach (Hochtaunuskreis))<\/span><\/p>\n<p style=\"text-align: justify;\"><span style=\"font-family: times new roman, times, serif; font-size: 10pt;\"><strong>oo 07.10.1762 Idstein<\/strong>, im Haus des Philipp Kraus durch den 1. Stadtpfarrer, prokl. ein f\u00fcr allemal (Idstein, Trauregister 1753-1762, Bild 335 auf archion.de) mit <strong><u>Kraus<\/u>, Sophia Friederika: <\/strong>Tochter des Georg Philipp Kraus, 1744 Rektor in Wiesbaden, dann 2. Stadtpfarrer und Inspektor in Idstein (+ 26.12.1792 Idstein (Idstein, KB 8, Bild 286 auf archion.de); * 15.02.1713 Panrod (Aarbergen, Rheingau-Taunus-Kreis), gt. 21.02.1713, Sohn des Johann Reinhard Kraus, Pfarrer in Panrod (Panrod, KB 1, Bild 57 auf archion.de)<\/span><\/p>\n<p style=\"text-align: justify;\"><span style=\"font-family: times new roman, times, serif; font-size: 10pt;\"><strong>\u00a0<\/strong><\/span><span style=\"font-family: times new roman, times, serif; font-size: 10pt;\">Eintrag von Pfr. Lehr im KB Schweighausen: <em>A[nn]o 1762, den 12ten Octbr. bin ich Joh. Jacob Lehr, zeit[licher] Pfarrer zu Schweighau\u00dfen und Becheln, mit des zweyten Stadtpfarrers zu Idstein Georg Ph[ilipp] Krausen ehe[lichen] Tochter Sophia Friderica dem [chri]st[lichen] Gebrauch und Verordnung nach copulirt und eingesegnet worden von dem ersten H[err]n Stadtpf[arrern] Ostertag in der Behau\u00dfung meines H[errn] Schwiegervatters, da deren zugegen gewe\u00dfen: 1) H[err] von Hayn <\/em>[?]<em>, H[err] Oberj\u00e4germeister u. Dero Gn. Fr\u00e4ulein Tochter; 2) H[err] Superintendent Droosten zu Idstein; 3) H[err] Praesenz Meister Grill, ein H[err] Vetter und de\u00dfen Frau zu Idstein; 4) H[err] Doctor Hort <\/em>[?]<em>, doctor juris; 5) H[err] Pf. Flick, de\u00dfen Frau u. Tochter von W\u00f6r\u00dfdorff; 6) Frau Pfarrerin Wagnerin; 7) Jungfer Kochin, der StadtCaptanin Tochter zu Idstein; 8) H[err] Cand. Heydenreich; 9) meine beide Br\u00fcder Joh. Ph[ilipp] u. Johann Wilhelm, mein liebster Vatter konte ob wegen Unp\u00e4\u00df[lich]keit kommen. Das Wetter war sehr schlimm, regnerisch, sonsten w\u00e4ren noch viel von Wi\u00dfbaden gekommen. Mein Haupt-Wunsch und Hauptbitte mit meiner liebsten Frau ist und soll dieser seyn: \u201eMein Gott! Wir bitten d[urch] Christi Blut, machs doch mit unserm Ende gut. La\u00df und eine vern\u00fcnfftig, erbaulich, see[lig], unbel\u00fcstigt, uneckelhafft u. unsch\u00e4d[lich] Ende nehmen und dort in ewiger himmlischer see[liger] Verbindung beysammen seyn, da wir werden den Engeln Gottes gleich seyn, weder freyen, noch uns freyen la\u00dfen. Amen. \u2026 Jesu. Amen. Ja, o selig, selig sind, die zu der Hochzeit des Lammes beruffen sind! Viel zu, viel zu viel zu klein bin ich, da\u00df mir leuchten soll dein Gnaden-Schein. Gnade! Gnade! Gnade! Mein Gott!<\/em><\/span><\/p>\n<table style=\"width: 100%;\">\n<tbody>\n<tr>\n<td style=\"text-align: center; width: 5.71429%;\" width=\"21\"><span style=\"font-family: times new roman, times, serif; font-size: 10pt;\"><strong>Nr.<\/strong><\/span><\/td>\n<td style=\"width: 17.619%;\" width=\"122\"><span style=\"font-family: times new roman, times, serif; font-size: 10pt;\"><strong>VN normiert<\/strong><\/span><\/td>\n<td style=\"text-align: center; width: 13.0952%;\" width=\"82\"><span style=\"font-family: times new roman, times, serif; font-size: 10pt;\"><strong>Geburt<\/strong><\/span><\/td>\n<td style=\"text-align: center; width: 13.0952%;\" width=\"82\"><span style=\"font-family: times new roman, times, serif; font-size: 10pt;\"><strong>Taufe<\/strong><\/span><\/td>\n<td style=\"text-align: center; width: 11.3095%;\" width=\"69\"><span style=\"font-family: times new roman, times, serif; font-size: 10pt;\"><strong>konf.<\/strong><\/span><\/td>\n<td style=\"text-align: center; width: 11.3095%;\" width=\"69\"><span style=\"font-family: times new roman, times, serif; font-size: 10pt;\"><strong>gestorben<\/strong><\/span><\/td>\n<td style=\"text-align: center; width: 12.381%;\" width=\"77\"><span style=\"font-family: times new roman, times, serif; font-size: 10pt;\"><strong>begraben<\/strong><\/span><\/td>\n<td style=\"text-align: center; width: 7.97619%;\" width=\"44\"><span style=\"font-family: times new roman, times, serif; font-size: 10pt;\"><strong>Alter<\/strong><\/span><\/td>\n<td style=\"text-align: center; width: 7.5%;\" width=\"41\"><span style=\"font-family: times new roman, times, serif; font-size: 10pt;\"><strong>Stand<\/strong><\/span><\/td>\n<\/tr>\n<tr>\n<td style=\"text-align: center; width: 5.71429%;\" width=\"21\"><span style=\"font-family: times new roman, times, serif; font-size: 10pt;\">1<\/span><\/td>\n<td style=\"width: 17.619%;\" width=\"122\"><span style=\"font-family: times new roman, times, serif; font-size: 10pt;\">Friedrich Karl Samuel Gottlob<\/span><\/td>\n<td style=\"text-align: center; width: 13.0952%;\" width=\"82\"><span style=\"font-family: times new roman, times, serif; font-size: 10pt;\">20.03.1764<\/span><\/td>\n<td style=\"text-align: center; width: 13.0952%;\" width=\"82\"><span style=\"font-family: times new roman, times, serif; font-size: 10pt;\">21.03.1764<\/span><\/td>\n<td style=\"text-align: center; width: 11.3095%;\" width=\"69\"><\/td>\n<td style=\"text-align: center; width: 11.3095%;\" width=\"69\"><span style=\"font-family: times new roman, times, serif; font-size: 10pt;\">26.12.1813<\/span><\/td>\n<td style=\"text-align: center; width: 12.381%;\" width=\"77\"><span style=\"font-family: times new roman, times, serif; font-size: 10pt;\">29.12.1813<\/span><\/td>\n<td style=\"text-align: center; width: 7.97619%;\" width=\"44\"><span style=\"font-family: times new roman, times, serif; font-size: 10pt;\">49,80<\/span><\/td>\n<td style=\"text-align: center; width: 7.5%;\" width=\"41\"><\/td>\n<\/tr>\n<tr>\n<td style=\"text-align: center; width: 5.71429%;\"><span style=\"font-family: times new roman, times, serif; font-size: 10pt;\">2<\/span><\/td>\n<td style=\"width: 17.619%;\"><span style=\"font-family: times new roman, times, serif; font-size: 10pt;\">Johann Gottlieb Wilh.<\/span><\/td>\n<td style=\"text-align: center; width: 13.0952%;\"><span style=\"font-family: times new roman, times, serif; font-size: 10pt;\">24.10.1765<\/span><\/td>\n<td style=\"text-align: center; width: 13.0952%;\"><span style=\"font-family: times new roman, times, serif; font-size: 10pt;\">28.10.1765<\/span><\/td>\n<td style=\"text-align: center; width: 11.3095%;\"><span style=\"font-family: times new roman, times, serif; font-size: 10pt;\">21.05.1780<\/span><\/td>\n<td style=\"text-align: center; width: 11.3095%;\"><\/td>\n<td style=\"text-align: center; width: 12.381%;\"><span style=\"font-family: times new roman, times, serif; font-size: 10pt;\">03.07.1786<\/span><\/td>\n<td style=\"text-align: center; width: 7.97619%;\"><span style=\"font-family: times new roman, times, serif; font-size: 10pt;\">20,70<\/span><\/td>\n<td style=\"text-align: center; width: 7.5%;\"><span style=\"font-family: times new roman, times, serif; font-size: 10pt;\">ledig<\/span><\/td>\n<\/tr>\n<tr>\n<td style=\"text-align: center; width: 5.71429%;\"><span style=\"font-family: times new roman, times, serif; font-size: 10pt;\">3<\/span><\/td>\n<td style=\"width: 17.619%;\"><span style=\"font-family: times new roman, times, serif; font-size: 10pt;\">Philipp Daniel<\/span><\/td>\n<td style=\"text-align: center; width: 13.0952%;\"><span style=\"font-family: times new roman, times, serif; font-size: 10pt;\">15.05.1768<\/span><\/td>\n<td style=\"text-align: center; width: 13.0952%;\"><span style=\"font-family: times new roman, times, serif; font-size: 10pt;\">18.05.1768<\/span><\/td>\n<td style=\"text-align: center; width: 11.3095%;\"><span style=\"font-family: times new roman, times, serif; font-size: 10pt;\">26.05.1782<\/span><\/td>\n<td style=\"text-align: center; width: 11.3095%;\"><span style=\"font-family: times new roman, times, serif; font-size: 10pt;\">24.06.1816<\/span><\/td>\n<td style=\"text-align: center; width: 12.381%;\"><\/td>\n<td style=\"text-align: center; width: 7.97619%;\"><span style=\"font-family: times new roman, times, serif; font-size: 10pt;\">48,14<\/span><\/td>\n<td style=\"text-align: center; width: 7.5%;\"><span style=\"font-family: times new roman, times, serif; font-size: 10pt;\">verh.<\/span><\/td>\n<\/tr>\n<\/tbody>\n<\/table>\n<p style=\"text-align: justify;\"><span style=\"font-family: times new roman, times, serif; font-size: 10pt;\">Kind Nr. 1) ) Inspektor und 1810-1813 Pfarrer in Braubach, vorher Pfarrer in Anspach (Gensicke: Braubach, S. 160); Bem. im Taufeintrag: <em>Gott gebe! da\u00df wenn er aufw\u00e4chst, er sich seinem Nahmen m\u00f6ge gem\u00e4\u00df auff\u00fchren; Votum: Mein Gott! Gib Leben, Gesundheit, Seegen, Geduld, da\u00df wir ihn rechtschaffen auferziehen k\u00f6nnen in Furcht u. Er&#8230; zum Herrn. <\/em>\u2014 + Braubach<br \/>\n<\/span><span style=\"font-family: times new roman, times, serif; font-size: 10pt;\">Kind Nr. 2) Bem. im Taufeintrag:<em> Mein Gott! La\u00df dieses Kind sich seinem Tauffbund u.Tauffnahmen gem\u00e4\u00df auff\u00fchren, gib den Eltern Leben, Gesundheit, Seegen, Geduld, damit die Beziehung rechtschaffen geschehen m\u00f6ge. <\/em>\u2014 konf. Braubach; + Braubach<br \/>\n<\/span><span style=\"font-family: times new roman, times, serif; font-size: 10pt;\">Kind Nr. 3) Handelsmann in Braubach; Bem. im Taufeintrag:<em> Gott gebe, da\u00df dieses Kind wach\u00dfe an Alter, Weisheit u. Gnaden bey Gott u&#8230; seelig \u2026 <\/em>\u2014 konf. Braubach; + Braubach; oo 01.01.1797 Braubach mit Friederika Maria Schaller (* 20.01.1779 (gt. 24.01.); konf. 26.05.1793; + 07.05.1815 Braubach (bg. 09.05.); Eltern: Johann Philipp Schaller, Metzger, und Margaretha Gertrud geb. Arzb\u00e4cher)<\/span><\/p>\n<p style=\"text-align: justify;\"><span style=\"font-family: times new roman, times, serif; font-size: 10pt;\"><strong>Paten: zu 1) <\/strong><em>1) der Herr Baron von Stein Johann Fridrich, \u00e4ltester Herr Sohn des Freyherrn Carl Philipp von Stein; 2) Herr Geheimder Regierungsrath Lehr, Joh. Jac. Anton von Wi\u00dfbaden, mein Herr Vatter; 3) die Frau \u2026 Kraus in zu Idstein, meine Schwiegermutter, Amalia Magdalena Friderica (eine gebohrne Schmidtin) <\/em>\u2014 <strong>zu 2) <\/strong><em>1) Johann Gottlieb Hort von Franckfurth am Mayn, wohnhafft aber in Idstein in ledigem Stand als eine Privat-Person auf Universit\u00e4t, gradum doctoris in juribus acquirirt, von jeher von mir und meinem Schwiegervatter ein guter Freund; Johann Philipp Lehr von Finsternthal, mein besagter, hertzlichster Zeuge Vatter; 3) Vlrica Magdalena Wilhelmina Wagnerin, hochedle Jungfer Tochter des H[errn] Definitors u. Pfarrers zu Dornholtzhau\u00dfen <\/em>\u2014 <strong>zu 3) <\/strong><em>1) Johann Daniel Thiel, Landcommissarius zu Wi\u00dfbaden, ein Vetter; 2) Philipp Friedrich Rhod, Pfarrer zu Bachheim im 4herr[ischen] (ein guter Bekannter u. Gen\u00fcthsfreund); 3) Philippina Catharina Albertin, Frau Cantorin zu Na\u00dfau (eine gebohrne Vietorin), eine Baase von meiner Frau her<\/em><\/span><\/p>\n<hr \/>\n<p><span style=\"font-size: 10pt; font-family: times new roman, times, serif;\"><strong>Letzte \u00c4nderung: 10. Februar 2024<\/strong><\/span><br \/>\n<span style=\"font-size: 10pt; font-family: times new roman, times, serif;\"><strong>Ralph Jackmuth<\/strong><\/span><\/p>\n","protected":false},"excerpt":{"rendered":"<p>Lehr, Johann Jakob: 05.03.1762 \u2013 1768 Pfarrer in Schweighausen und Becheln; * 10.08.1732 Finsternthal (Weilrod, Hochtaunuskreis); gt. 17.10.1732, Paten: Johann Jacob M\u00fcller, Johann Nickel Oswald, alle beyde von Westerfeld, und dann Anna Maria G\u00fcntherin, Johannes G\u00fcnthers Tochter von Finsternthal (Altweilnau, Taufregister 1727-1768, Nr. 68, Bild 17-18 auf archion.de); + 07.10.1768 Schweighausen, 36 Jahre alt, Eintragstext &hellip; <a href=\"https:\/\/www.ahnenforschung-jackmuth.de\/?page_id=10495\" class=\"more-link\"><span class=\"screen-reader-text\">\u201eOFB Schweighausen &#8211; Lehr\u201c<\/span> weiterlesen<\/a><\/p>\n","protected":false},"author":1,"featured_media":0,"parent":0,"menu_order":0,"comment_status":"closed","ping_status":"closed","template":"","meta":{"footnotes":""},"class_list":["post-10495","page","type-page","status-publish","hentry"],"_links":{"self":[{"href":"https:\/\/www.ahnenforschung-jackmuth.de\/index.php?rest_route=\/wp\/v2\/pages\/10495","targetHints":{"allow":["GET"]}}],"collection":[{"href":"https:\/\/www.ahnenforschung-jackmuth.de\/index.php?rest_route=\/wp\/v2\/pages"}],"about":[{"href":"https:\/\/www.ahnenforschung-jackmuth.de\/index.php?rest_route=\/wp\/v2\/types\/page"}],"author":[{"embeddable":true,"href":"https:\/\/www.ahnenforschung-jackmuth.de\/index.php?rest_route=\/wp\/v2\/users\/1"}],"replies":[{"embeddable":true,"href":"https:\/\/www.ahnenforschung-jackmuth.de\/index.php?rest_route=%2Fwp%2Fv2%2Fcomments&post=10495"}],"version-history":[{"count":0,"href":"https:\/\/www.ahnenforschung-jackmuth.de\/index.php?rest_route=\/wp\/v2\/pages\/10495\/revisions"}],"wp:attachment":[{"href":"https:\/\/www.ahnenforschung-jackmuth.de\/index.php?rest_route=%2Fwp%2Fv2%2Fmedia&parent=10495"}],"curies":[{"name":"wp","href":"https:\/\/api.w.org\/{rel}","templated":true}]}}