{"id":10346,"date":"2023-08-09T15:38:05","date_gmt":"2023-08-09T15:38:05","guid":{"rendered":"http:\/\/www.ahnenforschung-jackmuth.de\/?page_id=10346"},"modified":"2023-08-10T19:11:40","modified_gmt":"2023-08-10T19:11:40","slug":"ofb-schweighausen-thurn","status":"publish","type":"page","link":"https:\/\/www.ahnenforschung-jackmuth.de\/?page_id=10346","title":{"rendered":"OFB Schweighausen &#8211; Thurn"},"content":{"rendered":"<p style=\"text-align: justify;\"><span style=\"font-family: times new roman, times, serif; font-size: 10pt;\"><span style=\"color: #ff0000;\"><strong><u>Thurn<\/u><\/strong><\/span><strong><span style=\"color: #ff0000;\">, Wilhelm Christoph:<\/span> <\/strong>ab 1788 stud. theol. Gie\u00dfen, seit ca. 1794 Lehrer zu Katzelnbogen (im KB Klingelbach <em>praeceptor litteratus<\/em>; lt. Sterbeeintrag dort auch Prediger-Vikarius), seit 1804 Pfarrer in Kronberg, 31.08.1807 \u2013 1816 und 1819-1824 Pfarrer in Schweighausen und Becheln; * 06.01.1770 Darmstadt, gt. 08.01.1770 (Darmstadt, Lutheraner, Taufregister 1758-1772, S. 502, Bild 257 auf archion.de); + 06.09.1824 Schweighausen (bg. 08.09.), hinterl\u00e4sst seine Frau und 2 S\u00f6hne und 2 T\u00f6chter; Eltern: Friedrich Ludwig Thurn, Hof- und Goldjuwelier zu Darmstadt, und Anna Martha geb. Scherer (+ Schweighausen) \u2014 In Katzenelnbogen verfasste er eine dem neuen Landesherrn F\u00fcrst Karl Wilhelm von Nassau-Usingen zur Huldigungsfeier in Diez im Dezember 1802 gewidmete interessante Schrift \u201c\u00dcber den Einflu\u00df der Staatenumw\u00e4lzungen auf die Menschheit\u201d, die sich mit den territorialen Auswirkungen des RDH auseinandersetzte (Renckhoff: Nass. Biographie, S. 401, Nr. 2305)<\/span><\/p>\n<p style=\"text-align: justify;\"><span style=\"font-family: times new roman, times, serif; font-size: 10pt;\"><strong>oo 15.08.1794<\/strong> (lt. Sterbeeintrag des Ehemannes) mit <strong><u>Kn\u00f6\u00df<\/u>, Anna Katharina:<\/strong> wohnt 1830 in Braubach (lt. Sterbeeintrag ihres Sohnes); * 12.12.1768 Darmstadt, gt. 14.12.1768, Paten: <em>Anna Catharina Pothin, des hiesigen B\u00fcergers u. Beckermeister Poths Tochter<\/em> (Darmstadt, Lutheraner, Trauregister 1758-1772, S. 462, Bild 237 auf archion.de); Eltern: Johannes Kn\u00f6\u00df, B\u00e4cker in Darmstadt (Sohn des Adam Kn\u00f6\u00df, Zimmermann in R\u00fcsselsheim), oo 26.05.1763 Darmstadt<a href=\"#_ftn1\" name=\"_ftnref1\">[1]<\/a> mit Anna Maria Poth (Tochter des Franz Poth, B\u00e4cker in Darmstadt)<a href=\"#_ftn2\" name=\"_ftnref2\">[2]<\/a><\/span><\/p>\n<table style=\"width: 100%;\">\n<tbody>\n<tr>\n<td style=\"width: 5.95238%; text-align: center;\" width=\"21\"><span style=\"font-family: times new roman, times, serif; font-size: 10pt;\"><strong>Nr.<\/strong><\/span><\/td>\n<td style=\"width: 22.5%;\" width=\"168\"><span style=\"font-family: times new roman, times, serif; font-size: 10pt;\"><strong>VN normiert<\/strong><\/span><\/td>\n<td style=\"width: 12.381%; text-align: center;\" width=\"80\"><span style=\"font-family: times new roman, times, serif; font-size: 10pt;\"><strong>Geburt<\/strong><\/span><\/td>\n<td style=\"width: 12.381%; text-align: center;\" width=\"80\"><span style=\"font-family: times new roman, times, serif; font-size: 10pt;\"><strong>Taufe<\/strong><\/span><\/td>\n<td style=\"width: 10.9524%; text-align: center;\" width=\"69\"><span style=\"font-family: times new roman, times, serif; font-size: 10pt;\"><strong>konf.<\/strong><\/span><\/td>\n<td style=\"width: 10.9524%; text-align: center;\" width=\"69\"><span style=\"font-family: times new roman, times, serif; font-size: 10pt;\"><strong>gestorben<\/strong><\/span><\/td>\n<td style=\"width: 10%; text-align: center;\" width=\"62\"><span style=\"font-family: times new roman, times, serif; font-size: 10pt;\"><strong>begraben<\/strong><\/span><\/td>\n<td style=\"width: 7.61905%; text-align: center;\" width=\"44\"><span style=\"font-family: times new roman, times, serif; font-size: 10pt;\"><strong>Alter<\/strong><\/span><\/td>\n<td style=\"width: 7.14286%; text-align: center;\" width=\"40\"><span style=\"font-family: times new roman, times, serif; font-size: 10pt;\"><strong>Stand<\/strong><\/span><\/td>\n<\/tr>\n<tr>\n<td style=\"width: 5.95238%; text-align: center;\" width=\"21\"><span style=\"font-family: times new roman, times, serif; font-size: 10pt;\">1<\/span><\/td>\n<td style=\"width: 22.5%;\" width=\"168\"><span style=\"font-family: times new roman, times, serif; font-size: 10pt;\">Johann Ludwig Karl<\/span><\/td>\n<td style=\"width: 12.381%; text-align: center;\" width=\"80\"><span style=\"font-family: times new roman, times, serif; font-size: 10pt;\">11.06.1795<\/span><\/td>\n<td style=\"width: 12.381%; text-align: center;\" width=\"80\"><span style=\"font-family: times new roman, times, serif; font-size: 10pt;\">13.06.1795<\/span><\/td>\n<td style=\"width: 10.9524%; text-align: center;\" width=\"69\"><\/td>\n<td style=\"width: 10.9524%; text-align: center;\" width=\"69\"><\/td>\n<td style=\"width: 10%; text-align: center;\" width=\"62\"><\/td>\n<td style=\"width: 7.61905%; text-align: center;\" width=\"44\"><\/td>\n<td style=\"width: 7.14286%; text-align: center;\" width=\"40\"><\/td>\n<\/tr>\n<tr>\n<td style=\"width: 5.95238%; text-align: center;\" width=\"21\"><span style=\"font-family: times new roman, times, serif; font-size: 10pt;\">2<\/span><\/td>\n<td style=\"width: 22.5%;\" width=\"168\"><span style=\"font-family: times new roman, times, serif; font-size: 10pt;\">Franz Julius Anton<\/span><\/td>\n<td style=\"width: 12.381%; text-align: center;\" width=\"80\"><span style=\"font-family: times new roman, times, serif; font-size: 10pt;\">09.10.1797<\/span><\/td>\n<td style=\"width: 12.381%; text-align: center;\" width=\"80\"><span style=\"font-family: times new roman, times, serif; font-size: 10pt;\">12.10.1797<\/span><\/td>\n<td style=\"width: 10.9524%; text-align: center;\" width=\"69\"><\/td>\n<td style=\"width: 10.9524%; text-align: center;\" width=\"69\"><\/td>\n<td style=\"width: 10%; text-align: center;\" width=\"62\"><\/td>\n<td style=\"width: 7.61905%; text-align: center;\" width=\"44\"><\/td>\n<td style=\"width: 7.14286%; text-align: center;\" width=\"40\"><\/td>\n<\/tr>\n<tr>\n<td style=\"width: 5.95238%; text-align: center;\" width=\"21\"><span style=\"font-family: times new roman, times, serif; font-size: 10pt;\">3<\/span><\/td>\n<td style=\"width: 22.5%;\" width=\"168\"><span style=\"font-family: times new roman, times, serif; font-size: 10pt;\">Friederika Henriette Luisa Susanna<\/span><\/td>\n<td style=\"width: 12.381%; text-align: center;\" width=\"80\"><span style=\"font-family: times new roman, times, serif; font-size: 10pt;\">08.11.1799<\/span><\/td>\n<td style=\"width: 12.381%; text-align: center;\" width=\"80\"><span style=\"font-family: times new roman, times, serif; font-size: 10pt;\">12.11.1799<\/span><\/td>\n<td style=\"width: 10.9524%; text-align: center;\" width=\"69\"><\/td>\n<td style=\"width: 10.9524%; text-align: center;\" width=\"69\"><\/td>\n<td style=\"width: 10%; text-align: center;\" width=\"62\"><\/td>\n<td style=\"width: 7.61905%; text-align: center;\" width=\"44\"><\/td>\n<td style=\"width: 7.14286%; text-align: center;\" width=\"40\"><\/td>\n<\/tr>\n<tr>\n<td style=\"width: 5.95238%; text-align: center;\" width=\"21\"><span style=\"font-family: times new roman, times, serif; font-size: 10pt;\">4<\/span><\/td>\n<td style=\"width: 22.5%;\" width=\"168\"><span style=\"font-family: times new roman, times, serif; font-size: 10pt;\">Friedrich Ludwig<\/span><\/td>\n<td style=\"width: 12.381%; text-align: center;\" width=\"80\"><span style=\"font-family: times new roman, times, serif; font-size: 10pt;\">21.03.1802<\/span><\/td>\n<td style=\"width: 12.381%; text-align: center;\" width=\"80\"><span style=\"font-family: times new roman, times, serif; font-size: 10pt;\">25.03.1802<\/span><\/td>\n<td style=\"width: 10.9524%; text-align: center;\" width=\"69\"><\/td>\n<td style=\"width: 10.9524%; text-align: center;\" width=\"69\"><\/td>\n<td style=\"width: 10%; text-align: center;\" width=\"62\"><\/td>\n<td style=\"width: 7.61905%; text-align: center;\" width=\"44\"><\/td>\n<td style=\"width: 7.14286%; text-align: center;\" width=\"40\"><\/td>\n<\/tr>\n<tr>\n<td style=\"width: 5.95238%; text-align: center;\" width=\"21\"><span style=\"font-family: times new roman, times, serif; font-size: 10pt;\">5<\/span><\/td>\n<td style=\"width: 22.5%;\" width=\"168\"><span style=\"font-family: times new roman, times, serif; font-size: 10pt;\">Philipp Christoph Wilhelm<\/span><\/td>\n<td style=\"width: 12.381%; text-align: center;\" width=\"80\"><span style=\"font-family: times new roman, times, serif; font-size: 10pt;\">15.09.1806<\/span><\/td>\n<td style=\"width: 12.381%; text-align: center;\" width=\"80\"><\/td>\n<td style=\"width: 10.9524%; text-align: center;\" width=\"69\"><span style=\"font-family: times new roman, times, serif; font-size: 10pt;\">09.07.1830<\/span><\/td>\n<td style=\"width: 10.9524%; text-align: center;\" width=\"69\"><span style=\"font-family: times new roman, times, serif; font-size: 10pt;\">11.07.1830<\/span><\/td>\n<td style=\"width: 10%; text-align: center;\" width=\"62\"><\/td>\n<td style=\"width: 7.61905%; text-align: center;\" width=\"44\"><span style=\"font-family: times new roman, times, serif; font-size: 10pt;\">23,84<\/span><\/td>\n<td style=\"width: 7.14286%; text-align: center;\" width=\"40\"><span style=\"font-family: times new roman, times, serif; font-size: 10pt;\">ledig<\/span><\/td>\n<\/tr>\n<tr>\n<td style=\"width: 5.95238%; text-align: center;\"><span style=\"font-family: times new roman, times, serif; font-size: 10pt;\">6<\/span><\/td>\n<td style=\"width: 22.5%;\"><span style=\"font-family: times new roman, times, serif; font-size: 10pt;\">Philippina Christiana Dorothea<\/span><\/td>\n<td style=\"width: 12.381%; text-align: center;\"><span style=\"font-family: times new roman, times, serif; font-size: 10pt;\">19.05.1809<\/span><\/td>\n<td style=\"width: 12.381%; text-align: center;\"><span style=\"font-family: times new roman, times, serif; font-size: 10pt;\">11.06.1809<\/span><\/td>\n<td style=\"width: 10.9524%; text-align: center;\"><span style=\"font-family: times new roman, times, serif; font-size: 10pt;\">19.05.1823<\/span><\/td>\n<td style=\"width: 10.9524%; text-align: center;\"><span style=\"font-family: times new roman, times, serif; font-size: 10pt;\">26.08.1883<\/span><\/td>\n<td style=\"width: 10%; text-align: center;\"><\/td>\n<td style=\"width: 7.61905%; text-align: center;\"><span style=\"font-family: times new roman, times, serif; font-size: 10pt;\">74,32<\/span><\/td>\n<td style=\"width: 7.14286%; text-align: center;\"><\/td>\n<\/tr>\n<\/tbody>\n<\/table>\n<p><span style=\"font-family: times new roman, times, serif; font-size: 10pt;\">Kind Nr. 1) * Katzenelnbogen (Klingelbach, KB, Nr. 25, Bild 157 auf archion.de)<br \/>\n<\/span><span style=\"font-family: times new roman, times, serif; font-size: 10pt;\">Kind Nr. 2) * Katzenelnbogen (Klingelbach, KB, Nr. 47, Bild 169 auf archion.de)<br \/>\n<\/span><span style=\"font-family: times new roman, times, serif; font-size: 10pt;\">Kind Nr. 3) * Katzenelnbogen (Klingelbach, KB, Nr. 43, Bild 179 auf archion.de)<br \/>\n<\/span><span style=\"font-family: times new roman, times, serif; font-size: 10pt;\">Kind Nr. 4) * Katzenelnbogen (Klingelbach, KB, Nr. 15, Bild 191 auf archion.de)<br \/>\n<\/span><span style=\"font-family: times new roman, times, serif; font-size: 10pt;\">Kind Nr. 1) * Kronberg ?; Student der Philologie; + Braubach<br \/>\n<\/span><span style=\"font-family: times new roman, times, serif; font-size: 10pt;\">Kind Nr. 2) * Schweighausen; + Bad Kreuznach (lt. Gegenvermerk im Taufeintrag)<\/span><\/p>\n<p style=\"text-align: justify;\"><span style=\"font-family: times new roman, times, serif; font-size: 10pt;\"><strong>Paten: zu 1) <\/strong><em>der Herr Graf Ludwig von Brettlach zu Crumbach, kaiserlicher Rittmeister; sodann Sophia von Senkenberg, des Reichsfreiherr von Senkenberg, f\u00fcrstlichen Regierungsraths zu Gie\u00dfen, Fr\u00e4ulein Tochter, und Herr Johannes Kn\u00f6s, B\u00fcrger und Beckermeister zu Darmstadt <\/em><strong>\u2014 <\/strong><strong>zu 2)<\/strong> <em>Herr Franz Kn\u00f6s, Pfarrer in Umstadt, sodann Jungfer Juliana Regina Kn\u00f6sin und Herr Anton M&#8230;, B\u00fcrger und Beckermeister, beide von Darmstadt <\/em><strong>\u2014 <\/strong><strong>zu 3)<\/strong> <em>Frau Susanna Jacobina Sellheim, des Herrn Landkommiss\u00e4r Sellheim zu Nidda Ehegattin; Herr Ludwig Wilhelm Scherer, Pfarrer zu Echzell; Herr Heinrich Jacob Niuper <\/em>[?]<em>, Amtsadvokat von Catzenelnbogen; und Friderika Justina Sell, des zeitigen Pfarrers Ludwig August Wilhelm Sell von Klingelbach Ehefrau <\/em><strong>\u2014 <\/strong><strong>zu 4)<\/strong> <em>Herr Philipp Friederich Holzh\u00e4u\u00dfer, Pfarrer zu K\u00f6rdorf; Herr Ludwig Colonius, Pfarrer zu Holzhau\u00dfen \u00fcber Aar; sodann Herr Friedrich Christian Follenius, Wildmeister Assistent zu Catzenelnbogen; und Frau Mariana Margaretha Luisa, Herrn Johannes Schott, Amtmanns im Frohnhof zu Frankfurth Witwe <\/em><strong>\u2014 <\/strong><strong>zu 6)<\/strong> <em>des H[errn] Pfarrer Vietor zu Dornholzhausen Fr\u00e4ulein Tochter Philippina Eleonora Dorothea; und mein Schwager, der gro\u00dfherzog[lich] hessische Hofsecret\u00e4r Christoph Meier zu Arnsberg im Herzogth[um] Westphalen<\/em><\/span><\/p>\n<hr \/>\n<p style=\"text-align: justify;\"><span style=\"font-family: times new roman, times, serif; font-size: 10pt;\"><span style=\"color: #ff0000;\"><strong><u>Thurn geb. Scherer<\/u>, Anna Martha:<\/strong> <\/span>+ 25.02.1811 Schweighausen, 77 Jahre alt (bg. 28.02.); * Nidda (Wetteraukreis); Tochter eines Amtsadvokaten in Nidda (lt. Sterbeeintrag)<\/span><\/p>\n<hr \/>\n<p><span style=\"font-family: times new roman, times, serif; font-size: 12pt;\"><strong>Name Thurn in Darmstadt<\/strong><\/span><\/p>\n<p><span style=\"font-family: times new roman, times, serif; font-size: 10pt;\"><span style=\"color: #ff0000;\"><strong><u>Thurn<\/u><\/strong><strong>, Friedrich Ludwig:<\/strong> <\/span>Hof- und Goldjuwelier in Darmstadt<\/span><\/p>\n<p style=\"text-align: justify;\"><span style=\"font-family: times new roman, times, serif; font-size: 10pt;\"><strong>oo<\/strong> mit <strong><u>Scherer<\/u>, Maria Martha<\/strong> (1767 Maria Margaretha): * Nidda (Wetteraukreis); + 25.02.1811 Schweighausen als \u201eAnna Martha\u201c, 77 Jahre alt (bg. 28.02.); Tochter eines Amtsadvokaten in Nidda (lt. Sterbeeintrag<\/span><\/p>\n<table style=\"width: 100%;\">\n<tbody>\n<tr>\n<td style=\"width: 5.71429%; text-align: center;\" width=\"21\"><span style=\"font-family: times new roman, times, serif; font-size: 10pt;\"><strong>Nr.<\/strong><\/span><\/td>\n<td style=\"width: 20.3571%;\" width=\"142\"><span style=\"font-family: times new roman, times, serif; font-size: 10pt;\"><strong>VN normiert<\/strong><\/span><\/td>\n<td style=\"width: 12.7381%;\" width=\"80\"><span style=\"font-family: times new roman, times, serif; font-size: 10pt;\"><strong>Geburt<\/strong><\/span><\/td>\n<td style=\"width: 12.7381%;\" width=\"80\"><span style=\"font-family: times new roman, times, serif; font-size: 10pt;\"><strong>Taufe<\/strong><\/span><\/td>\n<td style=\"width: 11.3095%;\" width=\"69\"><span style=\"font-family: times new roman, times, serif; font-size: 10pt;\"><strong>konf.<\/strong><\/span><\/td>\n<td style=\"width: 11.3095%;\" width=\"69\"><span style=\"font-family: times new roman, times, serif; font-size: 10pt;\"><strong>gestorben<\/strong><\/span><\/td>\n<td style=\"width: 10.3571%;\" width=\"62\"><span style=\"font-family: times new roman, times, serif; font-size: 10pt;\"><strong>begraben<\/strong><\/span><\/td>\n<td style=\"width: 7.97619%;\" width=\"44\"><span style=\"font-family: times new roman, times, serif; font-size: 10pt;\"><strong>Alter<\/strong><\/span><\/td>\n<td style=\"width: 7.38095%;\" width=\"40\"><span style=\"font-family: times new roman, times, serif; font-size: 10pt;\"><strong>Stand<\/strong><\/span><\/td>\n<\/tr>\n<tr>\n<td style=\"width: 5.71429%; text-align: center;\" width=\"21\"><span style=\"font-family: times new roman, times, serif; font-size: 10pt;\">1<\/span><\/td>\n<td style=\"width: 20.3571%;\" width=\"142\"><span style=\"font-family: times new roman, times, serif; font-size: 10pt;\">Maria Elis. Margaretha<\/span><\/td>\n<td style=\"width: 12.7381%;\" width=\"80\"><span style=\"font-family: times new roman, times, serif; font-size: 10pt;\">04.06.1765<\/span><\/td>\n<td style=\"width: 12.7381%;\" width=\"80\"><span style=\"font-family: times new roman, times, serif; font-size: 10pt;\">05.06.1765<\/span><\/td>\n<td style=\"width: 11.3095%;\" width=\"69\"><\/td>\n<td style=\"width: 11.3095%;\" width=\"69\"><\/td>\n<td style=\"width: 10.3571%;\" width=\"62\"><\/td>\n<td style=\"width: 7.97619%;\" width=\"44\"><\/td>\n<td style=\"width: 7.38095%;\" width=\"40\"><\/td>\n<\/tr>\n<tr>\n<td style=\"width: 5.71429%; text-align: center;\" width=\"21\"><span style=\"font-family: times new roman, times, serif; font-size: 10pt;\">2<\/span><\/td>\n<td style=\"width: 20.3571%;\" width=\"142\"><span style=\"font-family: times new roman, times, serif; font-size: 10pt;\">Gottlieb Christoph<\/span><\/td>\n<td style=\"width: 12.7381%;\" width=\"80\"><span style=\"font-family: times new roman, times, serif; font-size: 10pt;\">11.11.1766<\/span><\/td>\n<td style=\"width: 12.7381%;\" width=\"80\"><span style=\"font-family: times new roman, times, serif; font-size: 10pt;\">15.11.1766<\/span><\/td>\n<td style=\"width: 11.3095%;\" width=\"69\"><\/td>\n<td style=\"width: 11.3095%;\" width=\"69\"><\/td>\n<td style=\"width: 10.3571%;\" width=\"62\"><span style=\"font-family: times new roman, times, serif; font-size: 10pt;\">26.11.1784<\/span><\/td>\n<td style=\"width: 7.97619%;\" width=\"44\"><\/td>\n<td style=\"width: 7.38095%;\" width=\"40\"><\/td>\n<\/tr>\n<tr>\n<td style=\"width: 5.71429%; text-align: center;\" width=\"21\"><span style=\"font-family: times new roman, times, serif; font-size: 10pt;\">3<\/span><\/td>\n<td style=\"width: 20.3571%;\" width=\"142\"><span style=\"font-family: times new roman, times, serif; font-size: 10pt;\">Christoph Wilhelm<\/span><\/td>\n<td style=\"width: 12.7381%;\" width=\"80\"><span style=\"font-family: times new roman, times, serif; font-size: 10pt;\">06.01.1770<\/span><\/td>\n<td style=\"width: 12.7381%;\" width=\"80\"><span style=\"font-family: times new roman, times, serif; font-size: 10pt;\">08.01.1770<\/span><\/td>\n<td style=\"width: 11.3095%;\" width=\"69\"><\/td>\n<td style=\"width: 11.3095%;\" width=\"69\"><span style=\"font-family: times new roman, times, serif; font-size: 10pt;\">06.09.1824<\/span><\/td>\n<td style=\"width: 10.3571%;\" width=\"62\"><span style=\"font-family: times new roman, times, serif; font-size: 10pt;\">08.09.1824<\/span><\/td>\n<td style=\"width: 7.97619%;\" width=\"44\"><\/td>\n<td style=\"width: 7.38095%;\" width=\"40\"><span style=\"font-family: times new roman, times, serif; font-size: 10pt;\">verh.<\/span><\/td>\n<\/tr>\n<\/tbody>\n<\/table>\n<p style=\"text-align: justify;\"><span style=\"font-family: times new roman, times, serif; font-size: 10pt;\">Kind Nr. 1) * Darmstadt (Darmstadt, Lutheraner, Taufregister 1758-1772, S. 324, Bild 168 auf archion.de)<br \/>\n<\/span><span style=\"font-family: times new roman, times, serif; font-size: 10pt;\">Kind Nr. 2) * und + Darmstadt (Darmstadt, Lutheraner, Taufregister 1758-1772, S. 423, Bild 217 auf archion.de und Beerdigungsregister 1758-1772, S. 1210, Bild 212 auf archion.de)<br \/>\n<\/span><span style=\"font-family: times new roman, times, serif; font-size: 10pt;\">Kind Nr. 3) * Darmstadt (Darmstadt, Lutheraner, Taufregister 1758-1772, S. 502, Bild 257 auf archion.de); + Schweighausen; oo 15.08.1794 mit Anna Katharina Kn\u00f6\u00df aus Darmstadt<\/span><\/p>\n<p><span style=\"font-family: times new roman, times, serif; font-size: 10pt;\"><strong>Paten: zu 1) <\/strong><em>der Mutter Schwester Maria Elisabetha Margaretha Schererin <\/em><strong>\u2014 <\/strong><strong>zu 2)<\/strong> <em>Herr Bechtold,<\/em> <em>f\u00fcrst[liche]r Provincial-Commissarius alhier, und Herr Brade, Regiments-Feldscherer zu Manheim <\/em><strong>\u2014 <\/strong><strong>zu 3)<\/strong> <em>H[err] Land.C&#8230; Frie\u00df und H[err] Cancellist Scherer alhier<\/em><\/span><\/p>\n<hr \/>\n<p style=\"text-align: justify;\"><span style=\"font-family: times new roman, times, serif; font-size: 10pt;\"><span style=\"color: #ff0000;\"><strong><u>Thurn<\/u><\/strong><strong>, Johann Valentin:<\/strong> <\/span>B\u00fcrger und Schneider in Darmstadt, Sohn des verst. Meister Wilhelm Thurn, B\u00fcrger und Bierbrauer zu Katzenelnbogen; ein T\u00f6chterlein aus fr\u00fcherer Ehe bg. 14.07.1769 Darmstadt (Darmstadt, Lutheraner, Beerdigungsregister 1758-1772, S. 1184, Bild 596 auf archion.de)<\/span><\/p>\n<p style=\"text-align: justify;\"><span style=\"font-family: times new roman, times, serif; font-size: 10pt;\"><strong>oo I. 25.09.1764 Darmstadt <\/strong>(Darmstadt, Lutheraner, Trauregister 1758-1772, S. 761, Bild 389 auf archion.de) mit <strong><u>K\u00fcster<\/u>, Anna Elisabeth:<\/strong> Witwe des verst. Meister Jakob K\u00fcster, B\u00fcrger und Schneider in Darmstadt; bg. 22.08.1765 Darmstadt, 32 Jahre, 4 Monate 4 Tage alt (Darmstadt, Lutheraner, Beerdigungsregister 1758-1772, S. 1096, Bild 552 auf archion.de)<\/span><\/p>\n<table style=\"width: 100%;\">\n<tbody>\n<tr>\n<td style=\"width: 5.71429%; text-align: center;\" width=\"21\"><span style=\"font-family: times new roman, times, serif; font-size: 10pt;\"><strong>Nr.<\/strong><\/span><\/td>\n<td style=\"width: 20.3571%;\" width=\"142\"><span style=\"font-family: times new roman, times, serif; font-size: 10pt;\"><strong>VN normiert<\/strong><\/span><\/td>\n<td style=\"width: 12.7381%; text-align: center;\" width=\"80\"><span style=\"font-family: times new roman, times, serif; font-size: 10pt;\"><strong>Geburt<\/strong><\/span><\/td>\n<td style=\"width: 12.7381%; text-align: center;\" width=\"80\"><span style=\"font-family: times new roman, times, serif; font-size: 10pt;\"><strong>Taufe<\/strong><\/span><\/td>\n<td style=\"width: 11.3095%; text-align: center;\" width=\"69\"><span style=\"font-family: times new roman, times, serif; font-size: 10pt;\"><strong>konf.<\/strong><\/span><\/td>\n<td style=\"width: 11.3095%; text-align: center;\" width=\"69\"><span style=\"font-family: times new roman, times, serif; font-size: 10pt;\"><strong>gestorben<\/strong><\/span><\/td>\n<td style=\"width: 10.3571%; text-align: center;\" width=\"62\"><span style=\"font-family: times new roman, times, serif; font-size: 10pt;\"><strong>begraben<\/strong><\/span><\/td>\n<td style=\"width: 7.97619%; text-align: center;\" width=\"44\"><span style=\"font-family: times new roman, times, serif; font-size: 10pt;\"><strong>Alter<\/strong><\/span><\/td>\n<td style=\"width: 7.38095%; text-align: center;\" width=\"40\"><span style=\"font-family: times new roman, times, serif; font-size: 10pt;\"><strong>Stand<\/strong><\/span><\/td>\n<\/tr>\n<tr>\n<td style=\"width: 5.71429%; text-align: center;\" width=\"21\"><span style=\"font-family: times new roman, times, serif; font-size: 10pt;\">1<\/span><\/td>\n<td style=\"width: 20.3571%;\" width=\"142\"><span style=\"font-family: times new roman, times, serif; font-size: 10pt;\">Anna Elisabeth<\/span><\/td>\n<td style=\"width: 12.7381%; text-align: center;\" width=\"80\"><span style=\"font-family: times new roman, times, serif; font-size: 10pt;\">30.07.1765<\/span><\/td>\n<td style=\"width: 12.7381%; text-align: center;\" width=\"80\"><span style=\"font-family: times new roman, times, serif; font-size: 10pt;\">01.08.1765<\/span><\/td>\n<td style=\"width: 11.3095%; text-align: center;\" width=\"69\"><\/td>\n<td style=\"width: 11.3095%; text-align: center;\" width=\"69\"><\/td>\n<td style=\"width: 10.3571%; text-align: center;\" width=\"62\"><span style=\"font-family: times new roman, times, serif; font-size: 10pt;\">26.10.1765<\/span><\/td>\n<td style=\"width: 7.97619%; text-align: center;\" width=\"44\"><\/td>\n<td style=\"width: 7.38095%; text-align: center;\" width=\"40\"><\/td>\n<\/tr>\n<\/tbody>\n<\/table>\n<p style=\"text-align: justify;\"><span style=\"font-family: times new roman, times, serif; font-size: 10pt;\">Kind Nr. 1) Darmstadt, Lutheraner, Taufregister 1758-1772, S. 327, Bild 169 auf archion.de und Beerdigungsregister 1758-1772, S. 1100, Bild 554 auf archion.de<\/span><\/p>\n<p><span style=\"font-family: times new roman, times, serif; font-size: 10pt;\"><strong>oo II. <\/strong>mit <strong>Charlotte Marianne<\/strong><\/span><\/p>\n<table style=\"width: 100%;\">\n<tbody>\n<tr>\n<td style=\"text-align: center; width: 5.95238%;\" width=\"21\"><span style=\"font-family: times new roman, times, serif; font-size: 10pt;\"><strong>Nr.<\/strong><\/span><\/td>\n<td style=\"width: 20.119%;\" width=\"142\"><span style=\"font-family: times new roman, times, serif; font-size: 10pt;\"><strong>VN normiert<\/strong><\/span><\/td>\n<td style=\"width: 12.7381%; text-align: center;\" width=\"80\"><span style=\"font-family: times new roman, times, serif; font-size: 10pt;\"><strong>Geburt<\/strong><\/span><\/td>\n<td style=\"width: 12.7381%; text-align: center;\" width=\"80\"><span style=\"font-family: times new roman, times, serif; font-size: 10pt;\"><strong>Taufe<\/strong><\/span><\/td>\n<td style=\"width: 11.3095%; text-align: center;\" width=\"69\"><span style=\"font-family: times new roman, times, serif; font-size: 10pt;\"><strong>konf.<\/strong><\/span><\/td>\n<td style=\"width: 11.3095%; text-align: center;\" width=\"69\"><span style=\"font-family: times new roman, times, serif; font-size: 10pt;\"><strong>gestorben<\/strong><\/span><\/td>\n<td style=\"width: 10.3571%; text-align: center;\" width=\"62\"><span style=\"font-family: times new roman, times, serif; font-size: 10pt;\"><strong>begraben<\/strong><\/span><\/td>\n<td style=\"width: 7.97619%; text-align: center;\" width=\"44\"><span style=\"font-family: times new roman, times, serif; font-size: 10pt;\"><strong>Alter<\/strong><\/span><\/td>\n<td style=\"width: 7.38095%; text-align: center;\" width=\"40\"><span style=\"font-family: times new roman, times, serif; font-size: 10pt;\"><strong>Stand<\/strong><\/span><\/td>\n<\/tr>\n<tr>\n<td style=\"text-align: center; width: 5.95238%;\" width=\"21\"><span style=\"font-family: times new roman, times, serif; font-size: 10pt;\">1<\/span><\/td>\n<td style=\"width: 20.119%;\" width=\"142\"><span style=\"font-family: times new roman, times, serif; font-size: 10pt;\">Ludwig Christoph<\/span><\/td>\n<td style=\"width: 12.7381%; text-align: center;\" width=\"80\"><span style=\"font-family: times new roman, times, serif; font-size: 10pt;\">11.12.1766<\/span><\/td>\n<td style=\"width: 12.7381%; text-align: center;\" width=\"80\"><span style=\"font-family: times new roman, times, serif; font-size: 10pt;\">12.12.1766<\/span><\/td>\n<td style=\"width: 11.3095%; text-align: center;\" width=\"69\"><\/td>\n<td style=\"width: 11.3095%; text-align: center;\" width=\"69\"><\/td>\n<td style=\"width: 10.3571%; text-align: center;\" width=\"62\"><span style=\"font-family: times new roman, times, serif; font-size: 10pt;\">04.12.1767<\/span><\/td>\n<td style=\"width: 7.97619%; text-align: center;\" width=\"44\"><\/td>\n<td style=\"width: 7.38095%; text-align: center;\" width=\"40\"><\/td>\n<\/tr>\n<tr>\n<td style=\"text-align: center; width: 5.95238%;\" width=\"21\"><span style=\"font-family: times new roman, times, serif; font-size: 10pt;\">2<\/span><\/td>\n<td style=\"width: 20.119%;\" width=\"142\"><span style=\"font-family: times new roman, times, serif; font-size: 10pt;\">Dorothea Elisabeth<\/span><\/td>\n<td style=\"width: 12.7381%; text-align: center;\" width=\"80\"><span style=\"font-family: times new roman, times, serif; font-size: 10pt;\">25.12.1769<\/span><\/td>\n<td style=\"width: 12.7381%; text-align: center;\" width=\"80\"><span style=\"font-family: times new roman, times, serif; font-size: 10pt;\">26.12.1769<\/span><\/td>\n<td style=\"width: 11.3095%; text-align: center;\" width=\"69\"><\/td>\n<td style=\"width: 11.3095%; text-align: center;\" width=\"69\"><\/td>\n<td style=\"width: 10.3571%; text-align: center;\" width=\"62\"><span style=\"font-family: times new roman, times, serif; font-size: 10pt;\">30.05.1784<\/span><\/td>\n<td style=\"width: 7.97619%; text-align: center;\" width=\"44\"><\/td>\n<td style=\"width: 7.38095%; text-align: center;\" width=\"40\"><\/td>\n<\/tr>\n<tr>\n<td style=\"text-align: center; width: 5.95238%;\" width=\"21\"><span style=\"font-family: times new roman, times, serif; font-size: 10pt;\">3<\/span><\/td>\n<td style=\"width: 20.119%;\" width=\"142\"><span style=\"font-family: times new roman, times, serif; font-size: 10pt;\">Katharina Elisabeth<\/span><\/td>\n<td style=\"width: 12.7381%; text-align: center;\" width=\"80\"><span style=\"font-family: times new roman, times, serif; font-size: 10pt;\">25.05.1772<\/span><\/td>\n<td style=\"width: 12.7381%; text-align: center;\" width=\"80\"><span style=\"font-family: times new roman, times, serif; font-size: 10pt;\">28.05.1772<\/span><\/td>\n<td style=\"width: 11.3095%; text-align: center;\" width=\"69\"><\/td>\n<td style=\"width: 11.3095%; text-align: center;\" width=\"69\"><\/td>\n<td style=\"width: 10.3571%; text-align: center;\" width=\"62\"><span style=\"font-family: times new roman, times, serif; font-size: 10pt;\">11.04.1784<\/span><\/td>\n<td style=\"width: 7.97619%; text-align: center;\" width=\"44\"><\/td>\n<td style=\"width: 7.38095%; text-align: center;\" width=\"40\"><\/td>\n<\/tr>\n<tr>\n<td style=\"text-align: center; width: 5.95238%;\" width=\"21\"><span style=\"font-family: times new roman, times, serif; font-size: 10pt;\">4<\/span><\/td>\n<td style=\"width: 20.119%;\" width=\"142\"><span style=\"font-family: times new roman, times, serif; font-size: 10pt;\">Georg Ludwig Christoph<\/span><\/td>\n<td style=\"width: 12.7381%; text-align: center;\" width=\"80\"><span style=\"font-family: times new roman, times, serif; font-size: 10pt;\">26.08.1774<\/span><\/td>\n<td style=\"width: 12.7381%; text-align: center;\" width=\"80\"><span style=\"font-family: times new roman, times, serif; font-size: 10pt;\">29.08.1774<\/span><\/td>\n<td style=\"width: 11.3095%; text-align: center;\" width=\"69\"><\/td>\n<td style=\"width: 11.3095%; text-align: center;\" width=\"69\"><\/td>\n<td style=\"width: 10.3571%; text-align: center;\" width=\"62\"><\/td>\n<td style=\"width: 7.97619%; text-align: center;\" width=\"44\"><\/td>\n<td style=\"width: 7.38095%; text-align: center;\" width=\"40\"><\/td>\n<\/tr>\n<tr>\n<td style=\"text-align: center; width: 5.95238%;\" width=\"21\"><span style=\"font-family: times new roman, times, serif; font-size: 10pt;\">5<\/span><\/td>\n<td style=\"width: 20.119%;\" width=\"142\"><span style=\"font-family: times new roman, times, serif; font-size: 10pt;\">Friedrich<\/span><\/td>\n<td style=\"width: 12.7381%; text-align: center;\" width=\"80\"><span style=\"font-family: times new roman, times, serif; font-size: 10pt;\">29.11.1776<\/span><\/td>\n<td style=\"width: 12.7381%; text-align: center;\" width=\"80\"><span style=\"font-family: times new roman, times, serif; font-size: 10pt;\">30.11.1776<\/span><\/td>\n<td style=\"width: 11.3095%; text-align: center;\" width=\"69\"><\/td>\n<td style=\"width: 11.3095%; text-align: center;\" width=\"69\"><\/td>\n<td style=\"width: 10.3571%; text-align: center;\" width=\"62\"><span style=\"font-family: times new roman, times, serif; font-size: 10pt;\">09.09.1778<\/span><\/td>\n<td style=\"width: 7.97619%; text-align: center;\" width=\"44\"><\/td>\n<td style=\"width: 7.38095%; text-align: center;\" width=\"40\"><\/td>\n<\/tr>\n<tr>\n<td style=\"text-align: center; width: 5.95238%;\" width=\"21\"><span style=\"font-family: times new roman, times, serif; font-size: 10pt;\">6<\/span><\/td>\n<td style=\"width: 20.119%;\" width=\"142\"><span style=\"font-family: times new roman, times, serif; font-size: 10pt;\">Georg Karl<\/span><\/td>\n<td style=\"width: 12.7381%; text-align: center;\" width=\"80\"><span style=\"font-family: times new roman, times, serif; font-size: 10pt;\">03.05.1778<\/span><\/td>\n<td style=\"width: 12.7381%; text-align: center;\" width=\"80\"><span style=\"font-family: times new roman, times, serif; font-size: 10pt;\">05.05.1778<\/span><\/td>\n<td style=\"width: 11.3095%; text-align: center;\" width=\"69\"><\/td>\n<td style=\"width: 11.3095%; text-align: center;\" width=\"69\"><\/td>\n<td style=\"width: 10.3571%; text-align: center;\" width=\"62\"><span style=\"font-family: times new roman, times, serif; font-size: 10pt;\">09.07.1783<\/span><\/td>\n<td style=\"width: 7.97619%; text-align: center;\" width=\"44\"><\/td>\n<td style=\"width: 7.38095%; text-align: center;\" width=\"40\"><\/td>\n<\/tr>\n<tr>\n<td style=\"text-align: center; width: 5.95238%;\" width=\"21\"><span style=\"font-family: times new roman, times, serif; font-size: 10pt;\">7<\/span><\/td>\n<td style=\"width: 20.119%;\" width=\"142\"><span style=\"font-family: times new roman, times, serif; font-size: 10pt;\">Henrietta Katharina<\/span><\/td>\n<td style=\"width: 12.7381%; text-align: center;\" width=\"80\"><span style=\"font-family: times new roman, times, serif; font-size: 10pt;\">24.08.1780<\/span><\/td>\n<td style=\"width: 12.7381%; text-align: center;\" width=\"80\"><span style=\"font-family: times new roman, times, serif; font-size: 10pt;\">25.08.1780<\/span><\/td>\n<td style=\"width: 11.3095%; text-align: center;\" width=\"69\"><\/td>\n<td style=\"width: 11.3095%; text-align: center;\" width=\"69\"><\/td>\n<td style=\"width: 10.3571%; text-align: center;\" width=\"62\"><span style=\"font-family: times new roman, times, serif; font-size: 10pt;\">21.03.1789<\/span><\/td>\n<td style=\"width: 7.97619%; text-align: center;\" width=\"44\"><\/td>\n<td style=\"width: 7.38095%; text-align: center;\" width=\"40\"><\/td>\n<\/tr>\n<\/tbody>\n<\/table>\n<p style=\"text-align: justify;\"><span style=\"font-family: times new roman, times, serif; font-size: 10pt;\">Kind Nr. 1) Darmstadt, Lutheraner, Taufregister 1758-1772, S. 387, Bild 199 auf archion.de und Beerdigungsregister 1758-1772, S. 1153, Bild 580 auf archion.de<br \/>\n<\/span><span style=\"font-family: times new roman, times, serif; font-size: 10pt;\">Kind Nr. 2) Darmstadt, Lutheraner, Taufregister 1758-1772, S. 500, Bild 256 auf archion.de und Beerdigungsregister 1773-1790, S. 1204, Bild 209 auf archion.de<br \/>\n<\/span><span style=\"font-family: times new roman, times, serif; font-size: 10pt;\">Kind Nr. 3) Darmstadt, Lutheraner, Taufregister 1758-1772, S. 584, Bild 299 auf archion.de und Beerdigungsregister 1773-1790, S. 1202, Bild 208 auf archion.de<br \/>\n<\/span><span style=\"font-family: times new roman, times, serif; font-size: 10pt;\">Kind Nr. 4) Darmstadt, Lutheraner, Taufregister 1773-1790, S. 58, Bild 30 auf archion.de<br \/>\n<\/span><span style=\"font-family: times new roman, times, serif; font-size: 10pt;\">Kind Nr. 5) Darmstadt, Lutheraner, Taufregister 1773-1790, S. 133, Bild 68 auf archion.de und Beerdigungsregister 1773-1790, S. 1094 Bild 154 auf archion.de<br \/>\n<\/span><span style=\"font-family: times new roman, times, serif; font-size: 10pt;\">Kind Nr. 6) Darmstadt, Lutheraner, Taufregister 1773-1790, S. 183, Bild 93 auf archion.de und Beerdigungsregister 1773-1790, S. 1178 Bild 196 auf archion.de<br \/>\n<\/span><span style=\"font-family: times new roman, times, serif; font-size: 10pt;\">Kind Nr. 7) Darmstadt, Lutheraner, Taufregister 1773-1790, S. 273, Bild 140 auf archion.de und Beerdigungsregister 1773-1790, S. 1286 Bild 251 auf archion.de<\/span><\/p>\n<p><span style=\"font-family: times new roman, times, serif; font-size: 10pt;\"><strong>Patin: zu 3) <\/strong><em>des Kindes Vatters Schwester Catharina Elisabetha Thurnin, von Catzenelnbogen geb\u00fcrtig<\/em><\/span><\/p>\n<hr \/>\n<p style=\"text-align: justify;\"><span style=\"font-family: times new roman, times, serif; font-size: 10pt;\"><span style=\"color: #ff0000;\"><strong><u>Thurn<\/u><\/strong><strong>, Katharina Elisabeth:<\/strong> <\/span>Tochter des verst. Johann Wilhelm Thurn, gewesener B\u00fcrger und Bierbrauer zu Katzenelnbogen, oo 06.07.1772 Darmstadt mit Friedrich Weitz, Hospitalkrankenw\u00e4rter in Darmstadt, Witwer (Darmstadt, Lutheraner, Trauregister 1758-1772, S. 828, Bild 427 auf archion.de)<\/span><\/p>\n<hr \/>\n<p style=\"text-align: justify;\"><span style=\"font-family: times new roman, times, serif; font-size: 10pt;\"><span style=\"color: #ff0000;\"><strong><u>Thurn<\/u><\/strong><strong>, Ludwig Jakob: <\/strong><\/span>B\u00fcrger und Per\u00fcckenmacher in Darmstadt; Sohn des Pfarrers Thurn zu Nieder-Ramstadt; oo 13.02.1770 Darmstadt (Darmstadt, Lutheraner, Trauregister 1758-1772, S. 807, Bild 412 auf archion.de) mit Anna Katharina, Tochter des Meister Gallus <em>Schmid<\/em>, Hofb\u00fcchsenmacher in Darmstadt; ein S\u00f6hnlein bg. 05.07.1776 Darmstadt, 6 Jahre und 2 Monate alt (Darmstadt, Lutheraner, Beerdigungsregister 1773-1790, S. 1062, Bild 138 auf archion.de)<\/span><\/p>\n<hr \/>\n<p><span style=\"font-family: times new roman, times, serif;\">Anmerkungen<\/span><\/p>\n<p style=\"text-align: justify;\"><span style=\"font-family: times new roman, times, serif; font-size: 10pt;\"><a href=\"#_ftnref1\" name=\"_ftn1\">[1]<\/a> Eintragstext: <em>Den 26ten <\/em>[Mai 1763]<em> ist M[ei]st[e]r Johannes Kn\u00f6\u00df, Burger und Bekker alhier, Adam Kn\u00f6sen, Zimmermanns zu R\u00fcsselsheim, ehelicher Sohn, und Anna Maria, M[ei]st[e]r Franz Pothen, auch Burgers und Bekkers alhier, eheliche Tochter, priesterlich copulirt und in den Ehestand eingesegnet worden. <\/em>(Darmstadt, Lutheraner, Trauregister 1758-1772, S. 747, Bild 382 auf archion.de)<\/span><\/p>\n<p style=\"text-align: justify;\"><span style=\"font-family: times new roman, times, serif; font-size: 10pt;\"><a href=\"#_ftnref2\" name=\"_ftn2\">[2]<\/a> Weitere Kinder: 1) Johann Franz * 04.01.1764 Darmstadt (Darmstadt, Lutheraner, Taufregister 1758-1772, S.262, Bild 136 auf archion.de) <strong>\u2014 <\/strong>2) Johann Christoph * 26.05.1766 Darmstadt (Darmstadt, Lutheraner, Taufregister 1758-1772,\u00a0 S.363, Bild 187 auf archion.de) <strong>\u2014 <\/strong>4) Juliana Regina * 27.06.1771 Darmstadt (Darmstadt, Lutheraner, Taufregister 1758-1772, S. 555, Bild 284 auf archion.de) <strong>\u2014<\/strong> 5) Maria Magdalena Philippina * 12.02.1774 Darmstadt (Darmstadt, Lutheraner, Taufregister 1773-1790, S. 39, Bild 20 auf archion.de) <strong>\u2014 <\/strong>6) Anna Maria * 21.09.1776 Darmstadt (Darmstadt, Lutheraner, Taufregister 1773-1790, S. 126, Bild 65 auf archion.de); + 30.06.1806 Darmstadt als Ehefrau des Anton Mayer, B\u00fcrger und B\u00e4ckermeister (Darmstadt, Lutheraner, Beerdigungsregister 1791-1806, S. 1181, Bild 615 auf archion.de) <strong>\u2014 <\/strong>Eine weitere Familie in Darmstadt mit Johann Henrich Kn\u00f6\u00df, herrschaftl. Stech-&#8230; (Sch\u00e4fer ?) oo Anna Barbara. Kinder (ohne Quelle): 1) Johann Andreas * 01.04.1763 Darmstadt; 2) Maria Gertrud * 25.06.1765 Darmstadt; 3) Susanna Lucretia * 06.11.1768 Darmstadt<\/span><\/p>\n","protected":false},"excerpt":{"rendered":"<p>Thurn, Wilhelm Christoph: ab 1788 stud. theol. Gie\u00dfen, seit ca. 1794 Lehrer zu Katzelnbogen (im KB Klingelbach praeceptor litteratus; lt. Sterbeeintrag dort auch Prediger-Vikarius), seit 1804 Pfarrer in Kronberg, 31.08.1807 \u2013 1816 und 1819-1824 Pfarrer in Schweighausen und Becheln; * 06.01.1770 Darmstadt, gt. 08.01.1770 (Darmstadt, Lutheraner, Taufregister 1758-1772, S. 502, Bild 257 auf archion.de); + &hellip; <a href=\"https:\/\/www.ahnenforschung-jackmuth.de\/?page_id=10346\" class=\"more-link\"><span class=\"screen-reader-text\">\u201eOFB Schweighausen &#8211; Thurn\u201c<\/span> weiterlesen<\/a><\/p>\n","protected":false},"author":1,"featured_media":0,"parent":0,"menu_order":0,"comment_status":"closed","ping_status":"closed","template":"","meta":{"footnotes":""},"class_list":["post-10346","page","type-page","status-publish","hentry"],"_links":{"self":[{"href":"https:\/\/www.ahnenforschung-jackmuth.de\/index.php?rest_route=\/wp\/v2\/pages\/10346","targetHints":{"allow":["GET"]}}],"collection":[{"href":"https:\/\/www.ahnenforschung-jackmuth.de\/index.php?rest_route=\/wp\/v2\/pages"}],"about":[{"href":"https:\/\/www.ahnenforschung-jackmuth.de\/index.php?rest_route=\/wp\/v2\/types\/page"}],"author":[{"embeddable":true,"href":"https:\/\/www.ahnenforschung-jackmuth.de\/index.php?rest_route=\/wp\/v2\/users\/1"}],"replies":[{"embeddable":true,"href":"https:\/\/www.ahnenforschung-jackmuth.de\/index.php?rest_route=%2Fwp%2Fv2%2Fcomments&post=10346"}],"version-history":[{"count":0,"href":"https:\/\/www.ahnenforschung-jackmuth.de\/index.php?rest_route=\/wp\/v2\/pages\/10346\/revisions"}],"wp:attachment":[{"href":"https:\/\/www.ahnenforschung-jackmuth.de\/index.php?rest_route=%2Fwp%2Fv2%2Fmedia&parent=10346"}],"curies":[{"name":"wp","href":"https:\/\/api.w.org\/{rel}","templated":true}]}}