{"id":1029,"date":"2016-10-20T18:54:51","date_gmt":"2016-10-20T18:54:51","guid":{"rendered":"http:\/\/www.ahnenforschung-jackmuth.de\/?page_id=1029"},"modified":"2016-10-20T19:13:46","modified_gmt":"2016-10-20T19:13:46","slug":"4-sitzung-31-mai-1726","status":"publish","type":"page","link":"https:\/\/www.ahnenforschung-jackmuth.de\/?page_id=1029","title":{"rendered":"4. Sitzung: 31. Mai 1726"},"content":{"rendered":"<p>In der 4. Sitzung vom 31. Mai 1726 sind alle au\u00dfer dem Sch\u00f6ffen Wilhelm Auster anwesend.<\/p>\n<ul>\n<li style=\"text-align: justify;\">B\u00fcrgermeister, Kirchenmeister, die Sch\u00fctzen und der Vorsprecher werden vereidigt<\/li>\n<li style=\"text-align: justify;\">K\u00fcnftig sollen zwei Versteigerungszettel (Vergantzettel) gerichtlich erkannt, ausgefertigt und ausgeh\u00e4ngt werden und zwar jeder 4 Wochen lang, unbeschadet jedoch des in den Rechten vorgeschriebenen Zeitraums.<\/li>\n<li style=\"text-align: justify;\">Christian \u2026, Kuhhirt der Gemeinde zeigt dem Gericht an, dass er noch Lohn ausstehen habe und zwar vom B\u00fcrgermeister Michel <i>Latour<\/i>, Jakob <i>Kirscher<\/i>, der Witwe <i>Thones<\/i>, Gottfried <i>Selbach<\/i>, Johann <i>Henn<\/i> junior und Wilhelm <i>Eister<\/i>. Den Schuldern wird unter Strafandrohung befohlen, innerhalb von 8 Tagen zu zahlen.<\/li>\n<li style=\"text-align: justify;\">Adam Jost von Ems zeigt dem Gericht an, dass ihm die Witwe des Jakob <i>Leonardt<\/i> noch von einigen Jahren \u00fcber 100 Rtl. schuldig sei. Die Witwe best\u00e4tigt die Schuld, wei\u00df aber nicht, wie hoch diese sei. Der Kl\u00e4ger wei\u00df aber wohl, dass es mehr als 100 Rtl. w\u00e4ren. Er soll nun bis zum \u2026 seine Forderung beweisen, dann soll ergehen, was rechtens sei.<\/li>\n<li style=\"text-align: justify;\">Umsetzung eines Beschlusses vom 24.05.1726 ohne genauere Angabe der Umst\u00e4nde.<\/li>\n<li style=\"text-align: justify;\">Michel Schleimer wird als Vorsprecher vereidigt<\/li>\n<li style=\"text-align: justify;\"><i>Johan Goret <\/i>[Georg!]<i> Loret<\/i> wird eine weitere Zahlungsfrist von 8 Tagen mit der Androhung gesetzt, dass wenn er in dieser Zeit Herrn Bourmer und die Elendenbruderschaft nicht zufrieden stellen w\u00fcrde, die Pf\u00e4ndung gerichtlich erkannt und auch vollzogen w\u00fcrde (s. a. Sitzung vom 28.05.1726)<\/li>\n<li style=\"text-align: justify;\">Peter <i>Gemags<\/i> [im OFB Nievern: <i>Genatsch, Gannatsch, Jenatz<\/i>] zeigt dem Gericht an, dass ihm Christian <i>Prath<\/i> noch 2 fl. 42 alb. mehr oder weniger und Peter <i>Finckelmeyer <\/i>noch 1 fl. 33 alb. wegen herrschaftlichen Geldern schuldig w\u00e4ren und bittet um eine gerichtliche Pf\u00e4ndung. Den Schuldern wird unter Androhung der Pf\u00e4ndung eine Zahlungsfrist von 15 Tagen gesetzt.<\/li>\n<li style=\"text-align: justify;\">Herr <i>Mintzer <\/i>von Niederlahnstein namens der Frau \u2026 daselbst gegen Jakob <i>Thillmann<\/i> und Bartholom\u00e4us <i>Georg<\/i> von Nievern. <i>Mintzer <\/i>bittet um \u00f6ffentliche Versteigerung der Unterpf\u00e4nde (der Gegenseite), die am kommenden Gerichtstag (18.06.1726) stattfinden soll.<\/li>\n<li>\n<p style=\"text-align: justify;\" align=\"JUSTIFY\">Die Witwe Reichert <i>Reicharth\u00df<\/i> vom H\u00fchnerberg zeigt dem Gericht an, dass sie dem Johannes <i>Bretz<\/i> \u00bd Malter Korn f\u00fcr 3 Rtl. zu mahlen gegeben habe. Der weitere Sachverhalt bleibt durch die an dieser Stelle \u00e4u\u00dferst fl\u00fcchtige Schrift unklar. Erw\u00e4hnt wird ein Peter <i>Jamad\u00df <\/i>[im OFB Nievern: <i>Genatsch, Gannatsch, Jenatz<\/i>]. Letzterer soll lt. Beschluss innerhalb von 8 Tagen die Kl\u00e4gerin zufrieden stellen oder innerhalb dieser Zeit erhebliche Gegengr\u00fcnde darlegen.<\/p>\n<hr \/>\n<\/li>\n<\/ul>\n<p align=\"CENTER\"><i><b>Freytags<\/b><\/i><sup><a class=\"sdfootnoteanc\" href=\"#sdfootnote1sym\" name=\"sdfootnote1anc\">1<\/a><\/sup><i><b>, den 31ten Maii 1726<\/b><\/i><\/p>\n<p><i>Praesentibus omnibus excepto Wilhelmo Auster, scabino.<\/i><\/p>\n<p align=\"JUSTIFY\"><i>Von wegen seiner hochgraff[lich]er Excellence von der Ley un\u00dfers gn\u00e4digen Herrn Graffens<\/i> <i>ist zum Vorsprecher nicht allein eligirt undt denominirt worden Valentin Wei\u00dfkopf von Fachbach, sondern auch mit dem gewohnlichem Aydt belegt undt vorgestelt worden.<\/i><\/p>\n<hr \/>\n<p align=\"JUSTIFY\"><i><b>Eodem. <\/b>Wurde von Gerichts wegen k\u00fcndighin hiemit verordnet, <\/i>[fol. 4v*]<i> da\u00df alle Zeith zwey Vergantzettelen sollen erkennet, expedyrt undt affigirt werden undt zwarn ein jeder Vergantzettel von 4 Wochen a dato affictionis salvis tamen terminis in jure praescriptis.<\/i><\/p>\n<hr \/>\n<p align=\"JUSTIFY\"><i><b>Eodem. <\/b><\/i><i>Z<\/i><i>eigte Gemeindes s[alva] v[enia] Kuhehirth<\/i><sup><a class=\"sdfootnoteanc\" href=\"#sdfootnote2sym\" name=\"sdfootnote2anc\">2<\/a><\/sup><i> ahn Christian <\/i>\u2026<i>, wasma\u00dfen nachfolgende ihme annoch \u2026lohn schuldig w\u00e4ren, bathe derowegen in haec \u2026 causa pro decreto \u2026 als H[err] B\u00fcrgermeister Michell Latour, Jacob Kirscher, Thones Wittib, Godfridt Selbach, Johan Henn junior, Wilhelm Eister.<\/i><\/p>\n<p><i><b>Decretum. <\/b><\/i><i>Bey so gestalten Sachen wirdt denen debitoribus anbefohlen, Kl\u00e4geren in Zeith 8 Tagen sub poena realis \u2026 zu zahlen. <\/i><i>Sic \u2026 uti supra.<\/i><\/p>\n<hr \/>\n<p align=\"JUSTIFY\"><i><b>Eodem. <\/b><\/i><i>Adam Jost von Emb\u00df zeigte hiemit kl\u00e4glich ahn, welchergestalten der Jacob Leonardt se[lig] undt de\u00dfen Wittib ihme annoch von einigen Jahren anhero 100 undt mehr R[eichs]th[aler] schuldig seyen, bathe derowegen umb die Zahlung ihme obrigkeitlich zu verhelffen. Jacob Leonardts Wittib, citata, compariret undt ware gest\u00e4ndig, deme Kl\u00e4geren schuldig zu sein, wuste aber nicht, wie viell der Schuldt w\u00e4re. Klager inhaerirte seiner Klag undt sagte, wie da\u00df er mit seinem guten Gewi\u00dfen sagen k\u00f6nte, das die Schuldt \u00fcber 100 undt mehr R[eichs]th[aler] w\u00e4re.<\/i><\/p>\n<p align=\"JUSTIFY\"><em><b>Decretum.<\/b> In Schultforderungssachen Adam Jost von Emb\u00df, Klageren ahn einem, entgegen undt wieder Jacob Leonardts Wittib, Beklagten ahm anderen Theill, ist hiermit auff summarisch Verh\u00f6r der nechste Bescheidt.<\/em> [fol. 5r*] <em>W\u00fcrde Kl\u00e4ger seine Erforderung rechtlicher Geb\u00fchr nach erwei\u00dfen, \u2026 hiemit nechsten \u2026<\/em><sup><a class=\"sdfootnoteanc\" href=\"#sdfootnote3sym\" name=\"sdfootnote3anc\">3<\/a><\/sup><em>, so solle die\u00dfem Vorgangen ferner ergehen, was rechtens. Sic publicatum in judicio uti supra. Kl\u00e4ger<\/em><sup><a class=\"sdfootnoteanc\" href=\"#sdfootnote4sym\" name=\"sdfootnote4anc\">4<\/a><\/sup> <em>sagte, zufrieden zu sein, wan die Zahlung erfolgen w\u00fcrde. Beklagte sagte, nichts zu haben.<\/em><\/p>\n<hr \/>\n<p align=\"JUSTIFY\"><i><b>Eodem. <\/b><\/i><i>Wurde von Ambts wegen decretum von 24ten Maii 1726 emanatum et \u2026 reproducirt<\/i> <i>undt zufolg de\u00dfen die w\u00fcrckliche Execution nicht allein \u2026, sonderen auch dem Gerichtsdiener anbefohlen, solche drey<\/i><sup><a class=\"sdfootnoteanc\" href=\"#sdfootnote5sym\" name=\"sdfootnote5anc\">5<\/a><\/sup><i> Tag zu bew\u00fcrcken (&#8230;) undt den Scheffenmeistern die (\u2026) commitirt.<\/i><\/p>\n<hr \/>\n<p align=\"JUSTIFY\"><i><b>Eodem. <\/b><\/i><i>Wurde von Gerichts wegen Michell Schleimer nicht allein zum Vorsprecher angesetzt, sondern auch mit dem gew\u00f6hnlichen Aydt belegt undt der Gemeint vorgestelt.<\/i><\/p>\n<hr \/>\n<p align=\"JUSTIFY\"><i><b>Eodem. <\/b><\/i><i>Auff ferneres Anhalten undt Instantien de\u00dfen seine H[errn] creditores<\/i><sup><a class=\"sdfootnoteanc\" href=\"#sdfootnote6sym\" name=\"sdfootnote6anc\">6<\/a><\/sup><i> wirdt dem Johan Goret Loret annoch terminus solutionis sub poenis juris<\/i><sup><a class=\"sdfootnoteanc\" href=\"#sdfootnote7sym\" name=\"sdfootnote7anc\">7<\/a><\/sup><i> von 8 Tagen<\/i><sup><a class=\"sdfootnoteanc\" href=\"#sdfootnote8sym\" name=\"sdfootnote8anc\">8<\/a><\/sup><i> mit der \u2026 praefigirt, da\u00df, fals er Debitor innerhalb solcher Frist H[err] Bourmer undt die Elende Bruderschafft nicht contentirt wirdt, so solle die distractio servatis de jure servandis erkennet undt vorgenohmen undt den beyden Scheffenmeisteren die \u2026 commitirt werden. Fachbach, uti supra.<\/i><\/p>\n<hr \/>\n<p align=\"JUSTIFY\"><i><b>Eodem. <\/b><\/i><i>Peter Gemags zeigte hiemit ahn, wie da\u00df wegen herrschafft[liche]n Geldern der Christian Prath undt Peter Finckelmeyer<\/i><sup><a class=\"sdfootnoteanc\" href=\"#sdfootnote9sym\" name=\"sdfootnote9anc\">9<\/a><\/sup><i> ihme schuldig seye 2 R[eichs]th[aler] 42 alb. plus undt minus schuldig seye undt Peter Finckelmeyer 1 R[eichs]th[aler] 33 alb.<\/i><sup><a class=\"sdfootnoteanc\" href=\"#sdfootnote10sym\" name=\"sdfootnote10anc\">10<\/a><\/sup><i>, woraus ihme ein (&#8230;)<\/i> <i>worden w\u00e4re, bathe pro distractione.<\/i><\/p>\n<p align=\"JUSTIFY\"><i><b>Decretum.<\/b><\/i><i> <\/i>[fol. 5v*] <i>Wirdt denen debitoribus terminus 15na ad redimendum praefigirt, wiedrigenfals sollen die \u2026 mobilia distrahirt undt der Creditor darob contentirt werden.<\/i><\/p>\n<hr \/>\n<p align=\"JUSTIFY\"><i><b>Eodem. <\/b><\/i><i>Her[r] Mintzer von Niederlohnstein nahmens der Fraw \u2026 daselbst c[ontr]a Jacob Thillman undt Barthonolaeu\u00df Georg von Nieberen. Zeigte hiemit reproducendo die Vergantzettellen ahn, wie das sothane Vergantzettellen albereith\u00df verflo\u00dfen undt ihr Recht ausgestandten hatte, verfolglich nichts mehr \u00fcbrig ist, als da\u00df die unerlegte Vnterpf\u00e4ndt publice distrahirt werden, umb dermahl darob cum omni causa befriedigt werden zu konnen; de expensis et protracta \u2026 protestando.<\/i><\/p>\n<p align=\"JUSTIFY\"><i><b>Decretum. <\/b><\/i><i>Die gebettene distractio wirdt hiemit von Gerichts wegen erkant undt terminus distra[c]ti[o]n[i]s auff nechsten G[eri]chtstag als den nechsten G[eri]chtstag<\/i><sup><a class=\"sdfootnoteanc\" href=\"#sdfootnote11sym\" name=\"sdfootnote11anc\">11<\/a><\/sup><i>, welcher sein wirdt den 18ten Junii, praefigirt, zu welchem Endte partes ad videndum distrahi hiemit respe[ctive] eingeladten undt citirt werden undt H[er]r Ambtsschulthei\u00df hette solchen Termin bey der Gemeindt zu publiciren.<\/i><\/p>\n<hr \/>\n<p align=\"JUSTIFY\"><i><b>Eodem. <\/b><\/i><i>Wittib Reicharth\u00df von Hunerberg klagt, wie da\u00df er dem Johansen Bretz ein halb Malter Korn p[er] 3 R[eichs]th[aler] zu mahlen anvertrawt habe<\/i><sup><a class=\"sdfootnoteanc\" href=\"#sdfootnote12sym\" name=\"sdfootnote12anc\">12<\/a><\/sup><i> (\u2026) der Peter Jamad\u00df (\u2026) notorie der Bretz nicht mehr (\u2026) per Consequentz (\u2026) ist, als bathe pro \u2026 solutus sub poena (\u2026).<\/i><sup><a class=\"sdfootnoteanc\" href=\"#sdfootnote13sym\" name=\"sdfootnote13anc\">13<\/a><\/sup><\/p>\n<p align=\"JUSTIFY\"><i><b>Decretum. <\/b><\/i><i>Commun[ic]atur dem Peter Jamad\u00df mit dem Befehl gestalt inhalb 8 Tagen Klageren gantzlich zu befriedigen oder in eodem termino erhebliche Ursachen beyzubringen hette, wiedrigenfals solle er darzu exe[cu]tive angehalten werden.<\/i><\/p>\n<hr \/>\n<p align=\"JUSTIFY\"><strong>Anmerkungen:<\/strong><\/p>\n<p class=\"sdfootnote\" style=\"font-size: small;\"><a class=\"sdfootnotesym\" href=\"#sdfootnote1anc\" name=\"sdfootnote1sym\">1<\/a> <i>Freytags <\/i>ist Einschaltung \u00fcber gestr. \u2026<i>tags<\/i><\/p>\n<p class=\"sdfootnote\" style=\"font-size: small;\"><a class=\"sdfootnotesym\" href=\"#sdfootnote2anc\" name=\"sdfootnote2sym\">2<\/a> <i>Kuhe-<\/i> ist Einschaltung \u00fcber gestr. <i>Schweine-<\/i><\/p>\n<p class=\"sdfootnote\" style=\"font-size: small;\"><a class=\"sdfootnotesym\" href=\"#sdfootnote3anc\" name=\"sdfootnote3sym\">3<\/a> <i>hiemit nechsten \u2026 <\/i>ist Einschaltung \u00fcber der Zeile<\/p>\n<p class=\"sdfootnote\" style=\"font-size: small;\"><a class=\"sdfootnotesym\" href=\"#sdfootnote4anc\" name=\"sdfootnote4sym\">4<\/a> davor gestr. <i>Partes<\/i><\/p>\n<p class=\"sdfootnote\" style=\"font-size: small;\"><a class=\"sdfootnotesym\" href=\"#sdfootnote5anc\" name=\"sdfootnote5sym\">5<\/a> dahinter gestr. <i>Ja-<\/i><\/p>\n<p class=\"sdfootnote\" style=\"font-size: small;\"><a class=\"sdfootnotesym\" href=\"#sdfootnote6anc\" name=\"sdfootnote6sym\">6<\/a> <i>de\u00dfen seine H[errn] creditores <\/i>ist Einschaltung \u00fcber der Zeile<\/p>\n<p class=\"sdfootnote\" style=\"font-size: small;\"><a class=\"sdfootnotesym\" href=\"#sdfootnote7anc\" name=\"sdfootnote7sym\">7<\/a> dahinter gestr. <i>mit d-<\/i><\/p>\n<p class=\"sdfootnote\" style=\"font-size: small;\"><a class=\"sdfootnotesym\" href=\"#sdfootnote8anc\" name=\"sdfootnote8sym\">8<\/a> dahinter gestr. <i>praefigirt<\/i><\/p>\n<p class=\"sdfootnote\" style=\"font-size: small;\"><a class=\"sdfootnotesym\" href=\"#sdfootnote9anc\" name=\"sdfootnote9sym\">9<\/a> <i>Peter Finckelmeyer <\/i>ist Einschaltung \u00fcber der Zeile<\/p>\n<p class=\"sdfootnote\" style=\"font-size: small;\"><a class=\"sdfootnotesym\" href=\"#sdfootnote10anc\" name=\"sdfootnote10sym\">10<\/a> <i>undt Peter Finckelmeyer 1 R[eichs]th[aler] 33 alb. <\/i>ist Einschaltung \u00fcber der Zeile<\/p>\n<p class=\"sdfootnote\" style=\"font-size: small;\"><a class=\"sdfootnotesym\" href=\"#sdfootnote11anc\" name=\"sdfootnote11sym\">11<\/a> dahinter gestr. Buchstabe<\/p>\n<p class=\"sdfootnote\" style=\"font-size: small;\"><a class=\"sdfootnotesym\" href=\"#sdfootnote12anc\" name=\"sdfootnote12sym\">12<\/a> <i>zu mahlen anvertrawt habe <\/i>ist Einschaltung \u00fcber gestr. <i>verkaufft habe<\/i><\/p>\n<p class=\"sdfootnote\" style=\"font-size: small;\"><a class=\"sdfootnotesym\" href=\"#sdfootnote13anc\" name=\"sdfootnote13sym\">13<\/a> \u00e4u\u00dferst fl\u00fcchtige Schrift<\/p>\n<hr \/>\n<p><span style=\"font-size: small;\"><b>Letztes Update: Oktober 2016<\/b><\/span><br \/>\n<span style=\"font-size: small;\"><b>Ralph Jackmuth<\/b><\/span><\/p>\n","protected":false},"excerpt":{"rendered":"<p>In der 4. Sitzung vom 31. Mai 1726 sind alle au\u00dfer dem Sch\u00f6ffen Wilhelm Auster anwesend. B\u00fcrgermeister, Kirchenmeister, die Sch\u00fctzen und der Vorsprecher werden vereidigt K\u00fcnftig sollen zwei Versteigerungszettel (Vergantzettel) gerichtlich erkannt, ausgefertigt und ausgeh\u00e4ngt werden und zwar jeder 4 Wochen lang, unbeschadet jedoch des in den Rechten vorgeschriebenen Zeitraums. Christian \u2026, Kuhhirt der Gemeinde &hellip; <a href=\"https:\/\/www.ahnenforschung-jackmuth.de\/?page_id=1029\" class=\"more-link\"><span class=\"screen-reader-text\">\u201e4. Sitzung: 31. Mai 1726\u201c<\/span> weiterlesen<\/a><\/p>\n","protected":false},"author":1,"featured_media":0,"parent":0,"menu_order":0,"comment_status":"closed","ping_status":"closed","template":"","meta":{"footnotes":""},"class_list":["post-1029","page","type-page","status-publish","hentry"],"_links":{"self":[{"href":"https:\/\/www.ahnenforschung-jackmuth.de\/index.php?rest_route=\/wp\/v2\/pages\/1029","targetHints":{"allow":["GET"]}}],"collection":[{"href":"https:\/\/www.ahnenforschung-jackmuth.de\/index.php?rest_route=\/wp\/v2\/pages"}],"about":[{"href":"https:\/\/www.ahnenforschung-jackmuth.de\/index.php?rest_route=\/wp\/v2\/types\/page"}],"author":[{"embeddable":true,"href":"https:\/\/www.ahnenforschung-jackmuth.de\/index.php?rest_route=\/wp\/v2\/users\/1"}],"replies":[{"embeddable":true,"href":"https:\/\/www.ahnenforschung-jackmuth.de\/index.php?rest_route=%2Fwp%2Fv2%2Fcomments&post=1029"}],"version-history":[{"count":0,"href":"https:\/\/www.ahnenforschung-jackmuth.de\/index.php?rest_route=\/wp\/v2\/pages\/1029\/revisions"}],"wp:attachment":[{"href":"https:\/\/www.ahnenforschung-jackmuth.de\/index.php?rest_route=%2Fwp%2Fv2%2Fmedia&parent=1029"}],"curies":[{"name":"wp","href":"https:\/\/api.w.org\/{rel}","templated":true}]}}