{"id":10231,"date":"2023-04-26T17:25:05","date_gmt":"2023-04-26T17:25:05","guid":{"rendered":"http:\/\/www.ahnenforschung-jackmuth.de\/?page_id=10231"},"modified":"2023-04-26T17:39:12","modified_gmt":"2023-04-26T17:39:12","slug":"ehen-ems-1683-1817-ortsindex-braeutigam","status":"publish","type":"page","link":"https:\/\/www.ahnenforschung-jackmuth.de\/?page_id=10231","title":{"rendered":"Ehen Ems 1683-1817 Ortsindex Br\u00e4utigam"},"content":{"rendered":"<p>Verzeichnet sind nur Orte von Ausw\u00e4rtigen ohne die ev. Pfarrei Ems (mit Ems, dem Bad und Kemmenau)<\/p>\n<table style=\"width: 100%; height: 4884px;\" width=\"0\">\n<tbody>\n<tr style=\"height: 28px;\">\n<td style=\"height: 28px;\" width=\"421\"><strong>Ort<\/strong><\/td>\n<td style=\"height: 28px;\" width=\"203\"><strong>Nr.<br \/>\n<\/strong><\/td>\n<\/tr>\n<tr style=\"height: 28px;\">\n<td style=\"height: 28px;\" width=\"421\">Albert (D\u00e9partement Somme, Frankreich)<\/td>\n<td style=\"height: 28px;\" width=\"203\">755<\/td>\n<\/tr>\n<tr style=\"height: 28px;\">\n<td style=\"height: 28px;\" width=\"421\">Alsenz (Nordpf\u00e4lzer Land, Donnersbergkreis)<\/td>\n<td style=\"height: 28px;\" width=\"203\">352<\/td>\n<\/tr>\n<tr style=\"height: 28px;\">\n<td style=\"height: 28px;\" width=\"421\">Altenkirchen (Westerwald)<\/td>\n<td style=\"height: 28px;\" width=\"203\">698<\/td>\n<\/tr>\n<tr style=\"height: 28px;\">\n<td style=\"height: 28px;\" width=\"421\">Alterk\u00fclz (Kastellaun, Rhein-Hunsr\u00fcck-Kreis))<\/td>\n<td style=\"height: 28px;\" width=\"203\">133<\/td>\n<\/tr>\n<tr style=\"height: 28px;\">\n<td style=\"height: 28px;\" width=\"421\">Arzbach (Bad Ems-Nassau, Rhein-Lahn-Kreis)<\/td>\n<td style=\"height: 28px;\" width=\"203\">113, 284<\/td>\n<\/tr>\n<tr style=\"height: 28px;\">\n<td style=\"height: 28px;\" width=\"421\">Aschaffenburg<\/td>\n<td style=\"height: 28px;\" width=\"203\">81<\/td>\n<\/tr>\n<tr style=\"height: 56px;\">\n<td style=\"height: 56px;\" width=\"421\">Attenhausen (Bad Ems-Nassau (Rhein-Lahn-Kreis), Pfarrei Arnstein)<\/td>\n<td style=\"height: 56px;\" width=\"203\">806<\/td>\n<\/tr>\n<tr style=\"height: 28px;\">\n<td style=\"height: 28px;\" width=\"421\">Bad Schwalbach (Rheingau-Taunus-Kreis)<\/td>\n<td style=\"height: 28px;\" width=\"203\">124<\/td>\n<\/tr>\n<tr style=\"height: 28px;\">\n<td style=\"height: 28px;\" width=\"421\">Bad Zwesten (Schwalm-Eder-Kreis)<\/td>\n<td style=\"height: 28px;\" width=\"203\">202<\/td>\n<\/tr>\n<tr style=\"height: 28px;\">\n<td style=\"height: 28px;\" width=\"421\">Becheln (Bad Ems-Nassau, Rhein-Lahn-Kreis)<\/td>\n<td style=\"height: 28px;\" width=\"203\">516<\/td>\n<\/tr>\n<tr style=\"height: 28px;\">\n<td style=\"height: 28px;\" width=\"421\">Bendorf (Lkr. Mayen-Koblenz)<\/td>\n<td style=\"height: 28px;\" width=\"203\">151, 174, 430, 620, 674<\/td>\n<\/tr>\n<tr style=\"height: 28px;\">\n<td style=\"height: 28px;\" width=\"421\">Berg (Nast\u00e4tten (Rhein-Lahn-Kreis); Pfarrei Marienfels)<\/td>\n<td style=\"height: 28px;\" width=\"203\">727<\/td>\n<\/tr>\n<tr style=\"height: 56px;\">\n<td style=\"height: 56px;\" width=\"421\">Berghausen (heute Gem. Marienheide, Oberbergischer Kreis; Kirchspiel Gimborn)<\/td>\n<td style=\"height: 56px;\" width=\"203\">37<\/td>\n<\/tr>\n<tr style=\"height: 28px;\">\n<td style=\"height: 28px;\" width=\"421\">Bergnassau (Bad Ems-Nassau, Rhein-Lahn-Kreis)<\/td>\n<td style=\"height: 28px;\" width=\"203\">520<\/td>\n<\/tr>\n<tr style=\"height: 28px;\">\n<td style=\"height: 28px;\" width=\"421\">Biebergrund im f\u00fcrstl. Hessisch-Hanauischen<\/td>\n<td style=\"height: 28px;\" width=\"203\">602<\/td>\n<\/tr>\n<tr style=\"height: 28px;\">\n<td style=\"height: 28px;\" width=\"421\">Biedenkopf (Amt)<\/td>\n<td style=\"height: 28px;\" width=\"203\">451<\/td>\n<\/tr>\n<tr style=\"height: 28px;\">\n<td style=\"height: 28px;\" width=\"421\">Binsfeld (Wittlich-Land, Lkr. Bernkastel-Wittlich)<\/td>\n<td style=\"height: 28px;\" width=\"203\">76<\/td>\n<\/tr>\n<tr style=\"height: 28px;\">\n<td style=\"height: 28px;\" width=\"421\">Bobenhausen (Ulrichstein, Vogelsbergkreis)<\/td>\n<td style=\"height: 28px;\" width=\"203\">624<\/td>\n<\/tr>\n<tr style=\"height: 28px;\">\n<td style=\"height: 28px;\" width=\"421\">Bonn<\/td>\n<td style=\"height: 28px;\" width=\"203\">710<\/td>\n<\/tr>\n<tr style=\"height: 28px;\">\n<td style=\"height: 28px;\" width=\"421\">Boppard (Rhein-Hunsr\u00fcck-Kreis)<\/td>\n<td style=\"height: 28px;\" width=\"203\">78<\/td>\n<\/tr>\n<tr style=\"height: 56px;\">\n<td style=\"height: 56px;\" width=\"421\">Braubach (Loreley, Rhein-Lahn-Kreis)<\/td>\n<td style=\"height: 56px;\" width=\"203\">6, 234, 259, 295, 321, 511, 527, 554, 675<\/td>\n<\/tr>\n<tr style=\"height: 28px;\">\n<td style=\"height: 28px;\" width=\"421\">Braunfels (Lahn-Dill-Kreis)<\/td>\n<td style=\"height: 28px;\" width=\"203\">395<\/td>\n<\/tr>\n<tr style=\"height: 28px;\">\n<td style=\"height: 28px;\" width=\"421\">Braunschweig<\/td>\n<td style=\"height: 28px;\" width=\"203\">525<\/td>\n<\/tr>\n<tr style=\"height: 28px;\">\n<td style=\"height: 28px;\" width=\"421\">Breitenau (Oederan, Lkr. Mittelsachsen)<\/td>\n<td style=\"height: 28px;\" width=\"203\">456<\/td>\n<\/tr>\n<tr style=\"height: 28px;\">\n<td style=\"height: 28px;\" width=\"421\">Br\u00fccken-M\u00fchle (Rhein-Lahn-Kreis)<\/td>\n<td style=\"height: 28px;\" width=\"203\">471<\/td>\n<\/tr>\n<tr style=\"height: 28px;\">\n<td style=\"height: 28px;\" width=\"421\">Bubenheim (Gau-Algesheim, Lkr. Mainz-Bingen)<\/td>\n<td style=\"height: 28px;\" width=\"203\">258<\/td>\n<\/tr>\n<tr style=\"height: 12px;\">\n<td style=\"height: 12px;\" width=\"421\">Cramberg (Diez, Rhein-Lahn-Kreis)<\/td>\n<td style=\"height: 12px;\" width=\"203\">340, 567<\/td>\n<\/tr>\n<tr style=\"height: 28px;\">\n<td style=\"height: 28px;\" width=\"421\"><em>Cramendorff im &#8230;ischen <\/em>[bei K\u00f6slin (Schlesien ?)]<\/td>\n<td style=\"height: 28px;\" width=\"203\">646<\/td>\n<\/tr>\n<tr style=\"height: 28px;\">\n<td style=\"height: 28px;\" width=\"421\">Daaden (Lkr. Altenkirchen, Westerwald)<\/td>\n<td style=\"height: 28px;\" width=\"203\">343<\/td>\n<\/tr>\n<tr style=\"height: 28px;\">\n<td style=\"height: 28px;\" width=\"421\">Darmstadt<\/td>\n<td style=\"height: 28px;\" width=\"203\">758<\/td>\n<\/tr>\n<tr style=\"height: 56px;\">\n<td style=\"height: 56px;\" width=\"421\">Dausenau (Bad Ems-Nassau, Rhein-Lahn-Kreis)<\/td>\n<td style=\"height: 56px;\" width=\"203\">219, 268, 290, 292, 337, 384, 556, 641, 790, 805, 807, 854, 884<\/td>\n<\/tr>\n<tr style=\"height: 28px;\">\n<td style=\"height: 28px;\" width=\"421\">Dernbach (Wirges, Westerwaldkreis)<\/td>\n<td style=\"height: 28px;\" width=\"203\">435, 803<\/td>\n<\/tr>\n<tr style=\"height: 28px;\">\n<td style=\"height: 28px;\" width=\"421\">Diez (Rhein-Lahn-Kreis)<\/td>\n<td style=\"height: 28px;\" width=\"203\">531<\/td>\n<\/tr>\n<tr style=\"height: 28px;\">\n<td style=\"height: 28px;\" width=\"421\">Dinant (Belgien)<\/td>\n<td style=\"height: 28px;\" width=\"203\">739<\/td>\n<\/tr>\n<tr style=\"height: 28px;\">\n<td style=\"height: 28px;\" width=\"421\">Dornholzhausen (Bad Ems-Nassau, Rhein-Lahn-Kreis)<\/td>\n<td style=\"height: 28px;\" width=\"203\">793<\/td>\n<\/tr>\n<tr style=\"height: 28px;\">\n<td style=\"height: 28px;\" width=\"421\">D\u00f6rsdorf (Aar-Einrich, Rhein-Lahn-Kreis)<\/td>\n<td style=\"height: 28px;\" width=\"203\">264<\/td>\n<\/tr>\n<tr style=\"height: 28px;\">\n<td style=\"height: 28px;\" width=\"421\">D\u00fcsseldorf<\/td>\n<td style=\"height: 28px;\" width=\"203\">126<\/td>\n<\/tr>\n<tr style=\"height: 28px;\">\n<td style=\"height: 28px;\" width=\"421\">Ebenshausen (Creuzburg, Wartburgkreis)<\/td>\n<td style=\"height: 28px;\" width=\"203\">374<\/td>\n<\/tr>\n<tr style=\"height: 28px;\">\n<td style=\"height: 28px;\" width=\"421\">Eckardtshausen (Gerstungen, Wartburgkreis)<\/td>\n<td style=\"height: 28px;\" width=\"203\">287<\/td>\n<\/tr>\n<tr style=\"height: 28px;\">\n<td style=\"height: 28px;\" width=\"421\">Egenroth (Heidenrod, Rheingau-Taunus-Kreis)<\/td>\n<td style=\"height: 28px;\" width=\"203\">167<\/td>\n<\/tr>\n<tr style=\"height: 28px;\">\n<td style=\"height: 28px;\" width=\"421\">Eisenach (Wartburgkreis)<\/td>\n<td style=\"height: 28px;\" width=\"203\">262<\/td>\n<\/tr>\n<tr style=\"height: 28px;\">\n<td style=\"height: 28px;\" width=\"421\">Emser H\u00fctte (Bad Ems-Nassau, Rhein-Lahn-Kreis)<\/td>\n<td style=\"height: 28px;\" width=\"203\">791<\/td>\n<\/tr>\n<tr style=\"height: 28px;\">\n<td style=\"height: 28px;\" width=\"421\">Enzheim im Darmst\u00e4dtischen<\/td>\n<td style=\"height: 28px;\" width=\"203\">885<\/td>\n<\/tr>\n<tr style=\"height: 28px;\">\n<td style=\"height: 28px;\" width=\"421\">Esch, vorher in Panrod (Aarbergen, Rheingau-Taunus-Kreis)<\/td>\n<td style=\"height: 28px;\" width=\"203\">407<\/td>\n<\/tr>\n<tr style=\"height: 28px;\">\n<td style=\"height: 28px;\" width=\"421\">Eygui\u00e8res ? (D\u00e9partement Bouches-du-Rh\u00f4ne, Frankreich)<\/td>\n<td style=\"height: 28px;\" width=\"203\">731<\/td>\n<\/tr>\n<tr style=\"height: 28px;\">\n<td style=\"height: 28px;\" width=\"421\">Festung Ehrenbreitstein (Koblenz)<\/td>\n<td style=\"height: 28px;\" width=\"203\">33, 48, 49, 55<\/td>\n<\/tr>\n<tr style=\"height: 28px;\">\n<td style=\"height: 28px;\" width=\"421\">Finsterwalde (Lkr. Elbe-Elster)<\/td>\n<td style=\"height: 28px;\" width=\"203\">243<\/td>\n<\/tr>\n<tr style=\"height: 28px;\">\n<td style=\"height: 28px;\" width=\"421\">Frankfurt am Main<\/td>\n<td style=\"height: 28px;\" width=\"203\">718, 746<\/td>\n<\/tr>\n<tr style=\"height: 28px;\">\n<td style=\"height: 28px;\" width=\"421\">Freusburg (Amt)<\/td>\n<td style=\"height: 28px;\" width=\"203\">863<\/td>\n<\/tr>\n<tr style=\"height: 28px;\">\n<td style=\"height: 28px;\" width=\"421\">Friedberg in der Wetterau<\/td>\n<td style=\"height: 28px;\" width=\"203\">883<\/td>\n<\/tr>\n<tr style=\"height: 28px;\">\n<td style=\"height: 28px;\" width=\"421\">Fr\u00fccht (Bad Ems-Nassau, Rhein-Lahn-Kreis)<\/td>\n<td style=\"height: 28px;\" width=\"203\">180, 877<\/td>\n<\/tr>\n<tr style=\"height: 28px;\">\n<td style=\"height: 28px;\" width=\"421\">Geisig (Bad Ems-Nassau, Rhein-Lahn-Kreis)<\/td>\n<td style=\"height: 28px;\" width=\"203\">227<\/td>\n<\/tr>\n<tr style=\"height: 28px;\">\n<td style=\"height: 28px;\" width=\"421\">Gemmerich (Nast\u00e4tten, Rhein-Lahn-Kreis)<\/td>\n<td style=\"height: 28px;\" width=\"203\">339<\/td>\n<\/tr>\n<tr style=\"height: 28px;\">\n<td style=\"height: 28px;\" width=\"421\">Gerstungen (Wartburgkreis)<\/td>\n<td style=\"height: 28px;\" width=\"203\">306<\/td>\n<\/tr>\n<tr style=\"height: 28px;\">\n<td style=\"height: 28px;\" width=\"421\">Gie\u00dfen<\/td>\n<td style=\"height: 28px;\" width=\"203\">139<\/td>\n<\/tr>\n<tr style=\"height: 28px;\">\n<td style=\"height: 28px;\" width=\"421\">Goddert (Selters, Westerwaldkreis)<\/td>\n<td style=\"height: 28px;\" width=\"203\">526<\/td>\n<\/tr>\n<tr style=\"height: 28px;\">\n<td style=\"height: 28px;\" width=\"421\">Grenzhausen (H\u00f6hr-Grenzhausen, Westerwaldkreis)<\/td>\n<td style=\"height: 28px;\" width=\"203\">505, 599, 735, 862<\/td>\n<\/tr>\n<tr style=\"height: 56px;\">\n<td style=\"height: 56px;\" width=\"421\">Grube Gl\u00fccksanfang bei M\u00fcsen (Hilchenbach, Kreis Siegen-Wittgenstein)<\/td>\n<td style=\"height: 56px;\" width=\"203\">638<\/td>\n<\/tr>\n<tr style=\"height: 28px;\">\n<td style=\"height: 28px;\" width=\"421\">Gutenacker (Aar-Einrich, Rhein-Lahn-Kreis)<\/td>\n<td style=\"height: 28px;\" width=\"203\">7<\/td>\n<\/tr>\n<tr style=\"height: 28px;\">\n<td style=\"height: 28px;\" width=\"421\">Hackenm\u00fchle (Neuwied-Oberbieber)<\/td>\n<td style=\"height: 28px;\" width=\"203\">30<\/td>\n<\/tr>\n<tr style=\"height: 28px;\">\n<td style=\"height: 28px;\" width=\"421\">Hatzbach (Stadtallendorf, Lkr. Marburg-Biedenkopf)<\/td>\n<td style=\"height: 28px;\" width=\"203\">665<\/td>\n<\/tr>\n<tr style=\"height: 28px;\">\n<td style=\"height: 28px;\" width=\"421\">Hausen (bei Forchheim)<\/td>\n<td style=\"height: 28px;\" width=\"203\">3<\/td>\n<\/tr>\n<tr style=\"height: 28px;\">\n<td style=\"height: 28px;\" width=\"421\"><em>Hecx <\/em>im L\u00fctticher (L\u00fccker) Land (Belgien)<\/td>\n<td style=\"height: 28px;\" width=\"203\">40<\/td>\n<\/tr>\n<tr style=\"height: 28px;\">\n<td style=\"height: 28px;\" width=\"421\">Heddesdorf (Neuwied)<\/td>\n<td style=\"height: 28px;\" width=\"203\">691<\/td>\n<\/tr>\n<tr style=\"height: 28px;\">\n<td style=\"height: 28px;\" width=\"421\">H\u00f6hr (H\u00f6hr-Grenzhausen, Westerwaldkreis)<\/td>\n<td style=\"height: 28px;\" width=\"203\">64<\/td>\n<\/tr>\n<tr style=\"height: 28px;\">\n<td style=\"height: 28px;\" width=\"421\">Holzappel (Diez, Rhein-Lahn-Kreis)<\/td>\n<td style=\"height: 28px;\" width=\"203\">99<\/td>\n<\/tr>\n<tr style=\"height: 28px;\">\n<td style=\"height: 28px;\" width=\"421\">H\u00f6mberg (Bad Ems-Nassau, Rhein-Lahn-Kreis)<\/td>\n<td style=\"height: 28px;\" width=\"203\">294, 376, 518, 712, 721<\/td>\n<\/tr>\n<tr style=\"height: 28px;\">\n<td style=\"height: 28px;\" width=\"421\">Honnefeld (Lkr. Neuwied (<em>Hohnenfeld<\/em>))<\/td>\n<td style=\"height: 28px;\" width=\"203\">645<\/td>\n<\/tr>\n<tr style=\"height: 28px;\">\n<td style=\"height: 28px;\" width=\"421\">Ilmenau (Th\u00fcringen)<\/td>\n<td style=\"height: 28px;\" width=\"203\">523<\/td>\n<\/tr>\n<tr style=\"height: 28px;\">\n<td style=\"height: 28px;\" width=\"421\">Isenburg (Dierdorf, Lkr. Neuwied)<\/td>\n<td style=\"height: 28px;\" width=\"203\">694<\/td>\n<\/tr>\n<tr style=\"height: 28px;\">\n<td style=\"height: 28px;\" width=\"421\">Kaltenbrunn aus &lt;&#8230;&gt;<\/td>\n<td style=\"height: 28px;\" width=\"203\">467<\/td>\n<\/tr>\n<tr style=\"height: 28px;\">\n<td style=\"height: 28px;\" width=\"421\">Karlsruhe-Durlach<\/td>\n<td style=\"height: 28px;\" width=\"203\">207<\/td>\n<\/tr>\n<tr style=\"height: 28px;\">\n<td style=\"height: 28px;\" width=\"421\">Karlsruhe-Gr\u00f6tzingen<\/td>\n<td style=\"height: 28px;\" width=\"203\">95<\/td>\n<\/tr>\n<tr style=\"height: 28px;\">\n<td style=\"height: 28px;\" width=\"421\">Katzenelnbogen (Aar-Einrich, Rhein-Lahn-Kreis)<\/td>\n<td style=\"height: 28px;\" width=\"203\">169, 783<\/td>\n<\/tr>\n<tr style=\"height: 28px;\">\n<td style=\"height: 28px;\" width=\"421\">Koblenz<\/td>\n<td style=\"height: 28px;\" width=\"203\">28, 184<\/td>\n<\/tr>\n<tr style=\"height: 28px;\">\n<td style=\"height: 28px;\" width=\"421\">Koblenz-Ehrenbreitstein<\/td>\n<td style=\"height: 28px;\" width=\"203\">26, 87<\/td>\n<\/tr>\n<tr style=\"height: 28px;\">\n<td style=\"height: 28px;\" width=\"421\">K\u00f6rdorf (Aar-Einrich, Rhein-Lahn-Kreis)<\/td>\n<td style=\"height: 28px;\" width=\"203\">218<\/td>\n<\/tr>\n<tr style=\"height: 28px;\">\n<td style=\"height: 28px;\" width=\"421\">Kurpfalz<\/td>\n<td style=\"height: 28px;\" width=\"203\">487<\/td>\n<\/tr>\n<tr style=\"height: 28px;\">\n<td style=\"height: 28px;\" width=\"421\">Langenau-H\u00f6rvelsingen (Alb-Donau-Kreis)<\/td>\n<td style=\"height: 28px;\" width=\"203\">69<\/td>\n<\/tr>\n<tr style=\"height: 28px;\">\n<td style=\"height: 28px;\" width=\"421\">Langg\u00f6ns (Lkr. Gie\u00dfen), aus Darmstadt<\/td>\n<td style=\"height: 28px;\" width=\"203\">688<\/td>\n<\/tr>\n<tr style=\"height: 28px;\">\n<td style=\"height: 28px;\" width=\"421\">Laufersweiler (Kirchberg, Rhein-Hunsr\u00fcck-Kreis)<\/td>\n<td style=\"height: 28px;\" width=\"203\">31<\/td>\n<\/tr>\n<tr style=\"height: 28px;\">\n<td style=\"height: 28px;\" width=\"421\">Lautenbach (Ottweiler,\u00a0 Lkr. Neunkirchen)<\/td>\n<td style=\"height: 28px;\" width=\"203\">233<\/td>\n<\/tr>\n<tr style=\"height: 56px;\">\n<td style=\"height: 56px;\" width=\"421\">Lemnitzhammer (Rosenthal am Rennsteig, Saale-Orla-Kreis, Th\u00fcringen)<\/td>\n<td style=\"height: 56px;\" width=\"203\">425<\/td>\n<\/tr>\n<tr style=\"height: 28px;\">\n<td style=\"height: 28px;\" width=\"421\">Linz am Rhein (Lkr. Neuwied)<\/td>\n<td style=\"height: 28px;\" width=\"203\">722<\/td>\n<\/tr>\n<tr style=\"height: 28px;\">\n<td style=\"height: 28px;\" width=\"421\"><em>Mamdi <\/em>[= Malmedy ?]<em> im Welschland<\/em><\/td>\n<td style=\"height: 28px;\" width=\"203\">70<\/td>\n<\/tr>\n<tr style=\"height: 28px;\">\n<td style=\"height: 28px;\" width=\"421\">Maxsain (Selters, Westerwaldkreis)<\/td>\n<td style=\"height: 28px;\" width=\"203\">188<\/td>\n<\/tr>\n<tr style=\"height: 28px;\">\n<td style=\"height: 28px;\" width=\"421\">Meisenheim (Nahe-Glan, Lkr. Bad-Kreuznach)<\/td>\n<td style=\"height: 28px;\" width=\"203\">533<\/td>\n<\/tr>\n<tr style=\"height: 28px;\">\n<td style=\"height: 28px;\" width=\"421\">Mengeringhausen (Bad Arolsen, Lkr. Waldeck-Frankenberg)<\/td>\n<td style=\"height: 28px;\" width=\"203\">62<\/td>\n<\/tr>\n<tr style=\"height: 28px;\">\n<td style=\"height: 28px;\" width=\"421\">Miehlen (Nast\u00e4tten, Rhein-Lahn-Kreis)<\/td>\n<td style=\"height: 28px;\" width=\"203\">813<\/td>\n<\/tr>\n<tr style=\"height: 28px;\">\n<td style=\"height: 28px;\" width=\"421\">Miellen (Bad Ems-Nassau, Rhein-Lahn-Kreis)<\/td>\n<td style=\"height: 28px;\" width=\"203\">12<\/td>\n<\/tr>\n<tr style=\"height: 112px;\">\n<td style=\"height: 112px;\" width=\"421\">Misselberg (Bad Ems-Nassau, Rhein-Lahn-Kreis)<\/td>\n<td style=\"height: 112px;\" width=\"203\">68<\/p>\n<p>594<\/td>\n<\/tr>\n<tr style=\"height: 28px;\">\n<td style=\"height: 28px;\" width=\"421\">M\u00fcnchhausen (Lkr. Marburg-Biedenkopf)<\/td>\n<td style=\"height: 28px;\" width=\"203\">142<\/td>\n<\/tr>\n<tr style=\"height: 28px;\">\n<td style=\"height: 28px;\" width=\"421\">Nassau (Bad Ems-Nassau, Rhein-Lahn-Kreis)<\/td>\n<td style=\"height: 28px;\" width=\"203\">38, 93, 269, 285, 389, 618, 703<\/td>\n<\/tr>\n<tr style=\"height: 28px;\">\n<td style=\"height: 28px;\" width=\"421\">Nassau-Scheuern (Bad Ems-Nassau, Rhein-Lahn-Kreis)<\/td>\n<td style=\"height: 28px;\" width=\"203\">194, 221, 890<\/td>\n<\/tr>\n<tr style=\"height: 28px;\">\n<td style=\"height: 28px;\" width=\"421\">Nast\u00e4tten (Rhein-Lahn-Kreis)<\/td>\n<td style=\"height: 28px;\" width=\"203\">499<\/td>\n<\/tr>\n<tr style=\"height: 28px;\">\n<td style=\"height: 28px;\" width=\"421\">Neuburg an der Donau<\/td>\n<td style=\"height: 28px;\" width=\"203\">85<\/td>\n<\/tr>\n<tr style=\"height: 28px;\">\n<td style=\"height: 28px;\" width=\"421\">Neuhaus (Jind\u0159ich\u016fv Hradec, Tschechien)<\/td>\n<td style=\"height: 28px;\" width=\"203\">90<\/td>\n<\/tr>\n<tr style=\"height: 56px;\">\n<td style=\"height: 56px;\" width=\"421\">Neuwied<\/td>\n<td style=\"height: 56px;\" width=\"203\">212, 322, 378, 537, 640, 642, 726, 762, 771, 888<\/td>\n<\/tr>\n<tr style=\"height: 28px;\">\n<td style=\"height: 28px;\" width=\"421\">Nieder E&#8230;feld (Schweiz)<\/td>\n<td style=\"height: 28px;\" width=\"203\">2<\/td>\n<\/tr>\n<tr style=\"height: 28px;\">\n<td style=\"height: 28px;\" width=\"421\">Niedermoschel (Nordpf\u00e4lzer Land, Donnersbergkreis)<\/td>\n<td style=\"height: 28px;\" width=\"203\">291<\/td>\n<\/tr>\n<tr style=\"height: 28px;\">\n<td style=\"height: 28px;\" width=\"421\">Niedertiefenbach (Aar-Einrich, Rhein-Lahn-Kreis)<\/td>\n<td style=\"height: 28px;\" width=\"203\">761<\/td>\n<\/tr>\n<tr style=\"height: 28px;\">\n<td style=\"height: 28px;\" width=\"421\">Niederwallmenach (Nast\u00e4tten, Rhein-Lahn-Kreis)<\/td>\n<td style=\"height: 28px;\" width=\"203\">344<\/td>\n<\/tr>\n<tr style=\"height: 28px;\">\n<td style=\"height: 28px;\" width=\"421\">Niederzeuzheim (Hadamar, Lkr. Limburg-Weilburg)<\/td>\n<td style=\"height: 28px;\" width=\"203\">538<\/td>\n<\/tr>\n<tr style=\"height: 28px;\">\n<td style=\"height: 28px;\" width=\"421\">N\u00fcrnberg<\/td>\n<td style=\"height: 28px;\" width=\"203\">453<\/td>\n<\/tr>\n<tr style=\"height: 28px;\">\n<td style=\"height: 28px;\" width=\"421\">Ober-Seemen (Gedern (Wetteraukreis))<\/td>\n<td style=\"height: 28px;\" width=\"203\">759<\/td>\n<\/tr>\n<tr style=\"height: 56px;\">\n<td style=\"height: 56px;\" width=\"421\">Ober-Seibertenrod (Ulrichstein (Vogelsbergkreis), Kirchspiel Bobenhausen)<\/td>\n<td style=\"height: 56px;\" width=\"203\">872<\/td>\n<\/tr>\n<tr style=\"height: 28px;\">\n<td style=\"height: 28px;\" width=\"421\">Oberbieber (Neuwied)<\/td>\n<td style=\"height: 28px;\" width=\"203\">235<\/td>\n<\/tr>\n<tr style=\"height: 28px;\">\n<td style=\"height: 28px;\" width=\"421\">Oberelbert (Montabaur, Westerwaldkreis)<\/td>\n<td style=\"height: 28px;\" width=\"203\">17<\/td>\n<\/tr>\n<tr style=\"height: 28px;\">\n<td style=\"height: 28px;\" width=\"421\">Obernhof (Bad Ems-Nassau, Rhein-Lahn-Kreis)<\/td>\n<td style=\"height: 28px;\" width=\"203\">215, 356, 450, 458, 834<\/td>\n<\/tr>\n<tr style=\"height: 28px;\">\n<td style=\"height: 28px;\" width=\"421\">Oberwesel<\/td>\n<td style=\"height: 28px;\" width=\"203\">136<\/td>\n<\/tr>\n<tr style=\"height: 28px;\">\n<td style=\"height: 28px;\" width=\"421\">Pirmasens<\/td>\n<td style=\"height: 28px;\" width=\"203\">780<\/td>\n<\/tr>\n<tr style=\"height: 28px;\">\n<td style=\"height: 28px;\" width=\"421\">Plaaz-Recknitz (Lkr. Rostock)<\/td>\n<td style=\"height: 28px;\" width=\"203\">172<\/td>\n<\/tr>\n<tr style=\"height: 28px;\">\n<td style=\"height: 28px;\" width=\"421\">Rhens (Rhein-Mosel, Lkr. Mayen-Koblenz)<\/td>\n<td style=\"height: 28px;\" width=\"203\">75<\/td>\n<\/tr>\n<tr style=\"height: 56px;\">\n<td style=\"height: 56px;\" width=\"421\">Saalfeld in Sachsen (wohl Saalfeld\/Saale (Lkr. Saalfeld-Rudolstadt, Th\u00fcringen))<\/td>\n<td style=\"height: 56px;\" width=\"203\">857<\/td>\n<\/tr>\n<tr style=\"height: 28px;\">\n<td style=\"height: 28px;\" width=\"421\">Schaumburg<\/td>\n<td style=\"height: 28px;\" width=\"203\">96<\/td>\n<\/tr>\n<tr style=\"height: 28px;\">\n<td style=\"height: 28px;\" width=\"421\">Schemmerhausen (Reichshof, Oberbergischer Kreis)<\/td>\n<td style=\"height: 28px;\" width=\"203\">305<\/td>\n<\/tr>\n<tr style=\"height: 28px;\">\n<td style=\"height: 28px;\" width=\"421\">Schlitz-Sandlofs (Vogelsbergkreis)<\/td>\n<td style=\"height: 28px;\" width=\"203\">204<\/td>\n<\/tr>\n<tr style=\"height: 28px;\">\n<td style=\"height: 28px;\" width=\"421\">Schmittlotheim (V\u00f6hl, Lkr. Waldeck-Frankenberg)<\/td>\n<td style=\"height: 28px;\" width=\"203\">616<\/td>\n<\/tr>\n<tr style=\"height: 28px;\">\n<td style=\"height: 28px;\" width=\"421\">Schneeberg (Erzgebirgskreis, Sachsen)<\/td>\n<td style=\"height: 28px;\" width=\"203\">470<\/td>\n<\/tr>\n<tr style=\"height: 28px;\">\n<td style=\"height: 28px;\" width=\"421\">Sch\u00f6nberg (Lkr. Zwickau, Sachsen)<\/td>\n<td style=\"height: 28px;\" width=\"203\">469<\/td>\n<\/tr>\n<tr style=\"height: 28px;\">\n<td style=\"height: 28px;\" width=\"421\">Sch\u00f6nberg im Kurtrierischen<\/td>\n<td style=\"height: 28px;\" width=\"203\">318<\/td>\n<\/tr>\n<tr style=\"height: 28px;\">\n<td style=\"height: 28px;\" width=\"421\">Schoppen (Amel, Belgien)<\/td>\n<td style=\"height: 28px;\" width=\"203\">8<\/td>\n<\/tr>\n<tr style=\"height: 28px;\">\n<td style=\"height: 28px;\" width=\"421\">Schweighausen (Bad Ems-Nassau, Rhein-Lahn-Kreis)<\/td>\n<td style=\"height: 28px;\" width=\"203\">837<\/td>\n<\/tr>\n<tr style=\"height: 28px;\">\n<td style=\"height: 28px;\" width=\"421\">Siglingen (Neudenau, Lkr. Heilbronn)<\/td>\n<td style=\"height: 28px;\" width=\"203\">412<\/td>\n<\/tr>\n<tr style=\"height: 28px;\">\n<td style=\"height: 28px;\" width=\"421\">Singhofen (Bad Ems-Nassau, Rhein-Lahn-Kreis)<\/td>\n<td style=\"height: 28px;\" width=\"203\">303, 517, 604,\u00a0 774<\/td>\n<\/tr>\n<tr style=\"height: 28px;\">\n<td style=\"height: 28px;\" width=\"421\">Sporkental bei Arzbach (Bad Ems-Nassau, Rhein-Lahn-Kreis)<\/td>\n<td style=\"height: 28px;\" width=\"203\">112<\/td>\n<\/tr>\n<tr style=\"height: 28px;\">\n<td style=\"height: 28px;\" width=\"421\">St. Goar (Hunsr\u00fcck-Mittelrhein, Rhein-Hunsr\u00fcck-Kreis)<\/td>\n<td style=\"height: 28px;\" width=\"203\">402<\/td>\n<\/tr>\n<tr style=\"height: 28px;\">\n<td style=\"height: 28px;\" width=\"421\">St. Goarshausen (Loreley, Rhein-Lahn-Kreis)<\/td>\n<td style=\"height: 28px;\" width=\"203\">865<\/td>\n<\/tr>\n<tr style=\"height: 28px;\">\n<td style=\"height: 28px;\" width=\"421\">Stahlberg (Nordpf\u00e4lzer Land, Donnersbergkreis)<\/td>\n<td style=\"height: 28px;\" width=\"203\">371<\/td>\n<\/tr>\n<tr style=\"height: 28px;\">\n<td style=\"height: 28px;\" width=\"421\">Stockholm<\/td>\n<td style=\"height: 28px;\" width=\"203\">135<\/td>\n<\/tr>\n<tr style=\"height: 28px;\">\n<td style=\"height: 28px;\" width=\"421\">Strinz-Margareth\u00e4 (Hohenstein, Rheingau-Taunus-Kreis)<\/td>\n<td style=\"height: 28px;\" width=\"203\">598<\/td>\n<\/tr>\n<tr style=\"height: 28px;\">\n<td style=\"height: 28px;\" width=\"421\">Sulzbach (Bad Ems-Nassau, Rhein-Lahn-Kreis)<\/td>\n<td style=\"height: 28px;\" width=\"203\">428<\/td>\n<\/tr>\n<tr style=\"height: 28px;\">\n<td style=\"height: 28px;\" width=\"421\">S\u00fc\u00df (Nentershausen, Lkr. Hersfeld-Rotenburg)<\/td>\n<td style=\"height: 28px;\" width=\"203\">364, 741<\/td>\n<\/tr>\n<tr style=\"height: 28px;\">\n<td style=\"height: 28px;\" width=\"421\">Thalitter (V\u00f6hl, Lkr. Waldeck-Frankenberg)<\/td>\n<td style=\"height: 28px;\" width=\"203\">608<\/td>\n<\/tr>\n<tr style=\"height: 28px;\">\n<td style=\"height: 28px;\" width=\"421\">Trarbach (Traben-Trarbach, Lkr. Bernkastel-Wittlich)<\/td>\n<td style=\"height: 28px;\" width=\"203\">216, 328<\/td>\n<\/tr>\n<tr style=\"height: 28px;\">\n<td style=\"height: 28px;\" width=\"421\">Trier<\/td>\n<td style=\"height: 28px;\" width=\"203\">121<\/td>\n<\/tr>\n<tr style=\"height: 28px;\">\n<td style=\"height: 28px;\" width=\"421\">Vallendar (Lkr. Mayen-Koblenz)<\/td>\n<td style=\"height: 28px;\" width=\"203\">522<\/td>\n<\/tr>\n<tr style=\"height: 28px;\">\n<td style=\"height: 28px;\" width=\"421\"><em>Wach\u00dfig <\/em>im Stift Kempten in Schwaben<\/td>\n<td style=\"height: 28px;\" width=\"203\">32<\/td>\n<\/tr>\n<tr style=\"height: 28px;\">\n<td style=\"height: 28px;\" width=\"421\"><em>Weiberg<\/em><\/td>\n<td style=\"height: 28px;\" width=\"203\">842<\/td>\n<\/tr>\n<tr style=\"height: 28px;\">\n<td style=\"height: 28px;\" width=\"421\">Weilburg auf der H\u00fctte<\/td>\n<td style=\"height: 28px;\" width=\"203\">29<\/td>\n<\/tr>\n<tr style=\"height: 28px;\">\n<td style=\"height: 28px;\" width=\"421\">Welschneudorf (Montabaur, Westerwaldkreis)<\/td>\n<td style=\"height: 28px;\" width=\"203\">388<\/td>\n<\/tr>\n<tr style=\"height: 28px;\">\n<td style=\"height: 28px;\" width=\"421\"><em>Wenningen <\/em>[Winningen ?]<\/td>\n<td style=\"height: 28px;\" width=\"203\">189<\/td>\n<\/tr>\n<tr style=\"height: 28px;\">\n<td style=\"height: 28px;\" width=\"421\">Weyer (VG Loreley)<\/td>\n<td style=\"height: 28px;\" width=\"203\">129, 403<\/td>\n<\/tr>\n<tr style=\"height: 28px;\">\n<td style=\"height: 28px;\" width=\"421\">Wiesbaden-Delkenheim<\/td>\n<td style=\"height: 28px;\" width=\"203\">457<\/td>\n<\/tr>\n<tr style=\"height: 28px;\">\n<td style=\"height: 28px;\" width=\"421\">Wildbergerh\u00fctte (Reichshof, Oberbergischer Kreis)<\/td>\n<td style=\"height: 28px;\" width=\"203\">429<\/td>\n<\/tr>\n<tr style=\"height: 112px;\">\n<td style=\"height: 112px;\" width=\"421\">Winden (VG Bad Ems-Nassau)<\/td>\n<td style=\"height: 112px;\" width=\"203\">145<\/p>\n<p>875<\/td>\n<\/tr>\n<tr style=\"height: 28px;\">\n<td style=\"height: 28px;\" width=\"421\">Winningen (Rhein-Mosel, Lkr. Mayen-Koblenz)<\/td>\n<td style=\"height: 28px;\" width=\"203\">766<\/td>\n<\/tr>\n<tr style=\"height: 28px;\">\n<td style=\"height: 28px;\" width=\"421\">Wolfenhausen (Weilm\u00fcnster, Lkr. Limburg-Weilburg)<\/td>\n<td style=\"height: 28px;\" width=\"203\">552<\/td>\n<\/tr>\n<tr style=\"height: 28px;\">\n<td style=\"height: 28px;\" width=\"421\">Zimmerschied (Bad Ems Nassau, Rhein-Lahn-Kreis)<\/td>\n<td style=\"height: 28px;\" width=\"203\">181, 240, 263, 515, 822<\/td>\n<\/tr>\n<tr style=\"height: 28px;\">\n<td style=\"height: 28px;\" width=\"421\"><strong>Ort nicht lesbar oder teilweise nicht lesbar<\/strong><\/td>\n<td style=\"height: 28px;\" width=\"203\"><\/td>\n<\/tr>\n<tr style=\"height: 28px;\">\n<td style=\"height: 28px;\" width=\"421\">Ort nicht lesbar<\/td>\n<td style=\"height: 28px;\" width=\"203\">705, 800<\/td>\n<\/tr>\n<tr style=\"height: 28px;\">\n<td style=\"height: 28px;\" width=\"421\">\u2026 im f\u00fcrstlich Weilburgischen<\/td>\n<td style=\"height: 28px;\" width=\"203\">715<\/td>\n<\/tr>\n<tr style=\"height: 28px;\">\n<td style=\"height: 28px;\" width=\"421\">\u2026 im gemeinschaftl. f\u00fcrstl. und gr\u00e4fl. Isenburgischen<\/td>\n<td style=\"height: 28px;\" width=\"203\">532<\/td>\n<\/tr>\n<tr style=\"height: 28px;\">\n<td style=\"height: 28px;\" width=\"421\">\u2026 im Herzogtum Magdeburg<\/td>\n<td style=\"height: 28px;\" width=\"203\">607<\/td>\n<\/tr>\n<tr style=\"height: 28px;\">\n<td style=\"height: 28px;\" width=\"421\">\u2026 im Weilburgischen<\/td>\n<td style=\"height: 28px;\" width=\"203\">707<\/td>\n<\/tr>\n<tr style=\"height: 28px;\">\n<td style=\"height: 28px;\" width=\"421\">\u2026 in B\u00f6hmen<\/td>\n<td style=\"height: 28px;\" width=\"203\">714<\/td>\n<\/tr>\n<tr style=\"height: 28px;\">\n<td style=\"height: 28px;\" width=\"421\">&#8230; in der Grafschaft Mark<\/td>\n<td style=\"height: 28px;\" width=\"203\">492<\/td>\n<\/tr>\n<tr style=\"height: 28px;\">\n<td style=\"height: 28px;\" width=\"421\">&#8230;bach im Kurmainzischen<\/td>\n<td style=\"height: 28px;\" width=\"203\">708<\/td>\n<\/tr>\n<tr style=\"height: 28px;\">\n<td style=\"height: 28px;\" width=\"421\">(\u2026) im Schwarzburgischen<\/td>\n<td style=\"height: 28px;\" width=\"203\">690<\/td>\n<\/tr>\n<\/tbody>\n<\/table>\n<hr \/>\n<p><span style=\"font-size: 10pt; font-family: times new roman, times, serif;\"><b>Letztes Update: 26. April 2023<\/b><\/span><br \/>\n<span style=\"font-size: 10pt; font-family: times new roman, times, serif;\"><b>Ralph Jackmuth<\/b><\/span><\/p>\n","protected":false},"excerpt":{"rendered":"<p>Verzeichnet sind nur Orte von Ausw\u00e4rtigen ohne die ev. Pfarrei Ems (mit Ems, dem Bad und Kemmenau) Ort Nr. Albert (D\u00e9partement Somme, Frankreich) 755 Alsenz (Nordpf\u00e4lzer Land, Donnersbergkreis) 352 Altenkirchen (Westerwald) 698 Alterk\u00fclz (Kastellaun, Rhein-Hunsr\u00fcck-Kreis)) 133 Arzbach (Bad Ems-Nassau, Rhein-Lahn-Kreis) 113, 284 Aschaffenburg 81 Attenhausen (Bad Ems-Nassau (Rhein-Lahn-Kreis), Pfarrei Arnstein) 806 Bad Schwalbach (Rheingau-Taunus-Kreis) 124 &hellip; <a href=\"https:\/\/www.ahnenforschung-jackmuth.de\/?page_id=10231\" class=\"more-link\"><span class=\"screen-reader-text\">\u201eEhen Ems 1683-1817 Ortsindex Br\u00e4utigam\u201c<\/span> weiterlesen<\/a><\/p>\n","protected":false},"author":1,"featured_media":0,"parent":0,"menu_order":0,"comment_status":"closed","ping_status":"closed","template":"","meta":{"footnotes":""},"class_list":["post-10231","page","type-page","status-publish","hentry"],"_links":{"self":[{"href":"https:\/\/www.ahnenforschung-jackmuth.de\/index.php?rest_route=\/wp\/v2\/pages\/10231","targetHints":{"allow":["GET"]}}],"collection":[{"href":"https:\/\/www.ahnenforschung-jackmuth.de\/index.php?rest_route=\/wp\/v2\/pages"}],"about":[{"href":"https:\/\/www.ahnenforschung-jackmuth.de\/index.php?rest_route=\/wp\/v2\/types\/page"}],"author":[{"embeddable":true,"href":"https:\/\/www.ahnenforschung-jackmuth.de\/index.php?rest_route=\/wp\/v2\/users\/1"}],"replies":[{"embeddable":true,"href":"https:\/\/www.ahnenforschung-jackmuth.de\/index.php?rest_route=%2Fwp%2Fv2%2Fcomments&post=10231"}],"version-history":[{"count":0,"href":"https:\/\/www.ahnenforschung-jackmuth.de\/index.php?rest_route=\/wp\/v2\/pages\/10231\/revisions"}],"wp:attachment":[{"href":"https:\/\/www.ahnenforschung-jackmuth.de\/index.php?rest_route=%2Fwp%2Fv2%2Fmedia&parent=10231"}],"curies":[{"name":"wp","href":"https:\/\/api.w.org\/{rel}","templated":true}]}}